{"id":156,"date":"2020-08-28T12:04:17","date_gmt":"2020-08-28T10:04:17","guid":{"rendered":"http:\/\/suedbayern.humanistische-union.de\/einladung\/"},"modified":"2022-04-05T21:03:37","modified_gmt":"2022-04-05T19:03:37","slug":"einladung","status":"publish","type":"page","link":"https:\/\/suedbayern.humanistische-union.de\/preis_aufrechter_gang\/preis_aufrechter_gang-2017\/einladung\/","title":{"rendered":"Einladung"},"content":{"rendered":"<h4 align=\"center\"><span id=\"Einladung_zur_Verleihung_des_Preises\">Einladung\u00a0 zur<br \/>\nVerleihung des Preises<\/span><\/h4>\n<h4 align=\"center\"><span id=\"Aufrechter_Gang_der_Humanistischen_Union_an_Judith_Bernstein_und_Dr_Reiner_Bernstein\">&#8218;Aufrechter Gang&#8216;<br \/>\nder Humanistischen Union<br \/>\nan<br \/>\nJudith Bernstein und Dr. Reiner Bernstein<\/span><\/h4>\n<p><b>Sonntag, 28. Januar 2018, 11.00 Uhr, Einlass 10:30 Uhr<\/b><\/p>\n<p><b>Filmtheater Sendlinger Tor, Sendlinger-Tor-Platz 11, 80336 M\u00fcnchen <\/b><\/p>\n<p>Judith und Dr. Reiner Bernstein haben sich seit 2004 im Vorstand der \u201eInitiative Stolpersteine f\u00fcr M\u00fcnchen\u201c f\u00fcr die Verlegung der Stolpersteine auf \u00f6ffentlichem Grund eingesetzt. Immer wieder wurde ihre Arbeit vom M\u00fcnchner Stadtrat behindert und die Verlegung auf \u00f6ffentlichem Grund verboten.<\/p>\n<p>In zahlreichen Veranstaltungen zur friedlichen Regelung des Nahostkonflikts haben sich Judith und Dr. Reiner Bernstein engagiert. Sie treten f\u00fcr die politische Koexistenz beider V\u00f6lker ein. Auch in der \u201eJ\u00fcdisch Pal\u00e4stinensischen Dialoggruppe\u201c sollen Br\u00fccken des Verst\u00e4ndnisses und der Zusammenarbeit gebaut werden.<\/p>\n<p>Dieses Engagement wird ebenfalls behindert, weil die Stadt M\u00fcnchen die Kritik an der Siedlungspolitik der israelischen Regierung mit Antisemitismus gleichsetzt und st\u00e4dtische R\u00e4ume f\u00fcr Veranstaltungen verweigert.<\/p>\n<p>Die Humanistische Union zeichnet Judith und Dr. Reiner Bernstein f\u00fcr ihr Engagement zur F\u00f6rderung des Dialogs zwischen Juden und Pal\u00e4stinensern und ihren Widerstand gegen den \u00f6ffentlichen Machtanspruch sowie f\u00fcr ihren Kampf f\u00fcr die Meinungsfreiheit im Geiste des Grundgesetzes aus.<\/p>\n<p><b><a href=\"http:\/\/suedbayern.humanistische-union.de\/preis_aufrechter_gang\" target=\"_blank\" rel=\"noopener\">Der Preis<\/a><\/b><\/p>\n<p><b><a href=\"http:\/\/suedbayern.humanistische-union.de\/preis_aufrechter_gang\/2017\/#5460\">Die Preistr\u00e4ger<\/a><\/b><\/p>\n<h4><span id=\"Programm\">Programm<\/span><\/h4>\n<h4><span id=\"Begruessung\"><b>Begr&uuml;&szlig;ung<\/b><\/span><\/h4>\n<p>Wolfgang St\u00f6ger<br \/>\nHumanistische Union<\/p>\n<p><b>Laudatio<\/b><\/p>\n<p>Dr. Tilman Spengler<\/p>\n<p><b>\u00dcbergabe des Preises<\/b><\/p>\n<p>Wolfgang St\u00f6ger<\/p>\n<p><b>Rede der Preistr\u00e4ger<\/b><\/p>\n<p>Judith Bernstein<br \/>\nDr. Reiner Bernstein<\/p>\n<p><b>Musikalische Begleitung<\/b><\/p>\n<p>Talja Blumenthal<\/p>\n<p><b>Stehempfang<\/b><\/p>\n<p><b>Ende: ca. 13 Uhr<\/b><\/p>\n<p><b>Wir bitten um Ihre Anmeldung mit Personenzahl bis zum 18. 01. 2018 an <a href=\"mailto:suedbayern%40humanistische-union.de\">suedbayern@humanistische-union.de<\/a> <\/b><\/p>\n<p><a href=\"http:\/\/suedbayern.humanistische-union.de\/preis_aufrechter_gang\/2017\/\">Ank\u00fcndigung und Begr\u00fcndung<\/a><\/p>\n","protected":false},"excerpt":{"rendered":"<p>Einladung\u00a0 zur Verleihung des Preises &#8218;Aufrechter Gang&#8216; der Humanistischen Union an Judith Bernstein und Dr. Reiner Bernstein Sonntag, 28. Januar 2018, 11.00 Uhr, Einlass 10:30 Uhr Filmtheater Sendlinger Tor, Sendlinger-Tor-Platz 11, 80336 M\u00fcnchen Judith und Dr. Reiner Bernstein haben sich seit 2004 im Vorstand der \u201eInitiative Stolpersteine f\u00fcr M\u00fcnchen\u201c f\u00fcr die Verlegung der Stolpersteine auf [weiterlesen]<\/p>\n","protected":false},"author":1,"featured_media":0,"parent":160,"menu_order":0,"comment_status":"closed","ping_status":"closed","template":"","meta":{"_acf_changed":false,"footnotes":""},"tags":[],"autoren":[],"class_list":["post-156","page","type-page","status-publish","hentry"],"acf":[],"yoast_head":"<!-- This site is optimized with the Yoast SEO plugin v28.3 - https:\/\/yoast.com\/product\/yoast-seo-wordpress\/ -->\n<title>Einladung - HU Bayern<\/title>\n<meta name=\"robots\" content=\"index, follow, max-snippet:-1, max-image-preview:large, max-video-preview:-1\" \/>\n<link rel=\"canonical\" href=\"https:\/\/suedbayern.humanistische-union.de\/preis_aufrechter_gang\/preis_aufrechter_gang-2017\/einladung\/\" \/>\n<meta property=\"og:locale\" content=\"de_DE\" \/>\n<meta property=\"og:type\" content=\"article\" \/>\n<meta property=\"og:title\" content=\"Einladung - HU Bayern\" \/>\n<meta property=\"og:description\" content=\"Einladung\u00a0 zur Verleihung des Preises &#8218;Aufrechter Gang&#8216; der Humanistischen Union an Judith Bernstein und Dr. Reiner Bernstein Sonntag, 28. Januar 2018, 11.00 Uhr, Einlass 10:30 Uhr Filmtheater Sendlinger Tor, Sendlinger-Tor-Platz 11, 80336 M\u00fcnchen Judith und Dr. Reiner Bernstein haben sich seit 2004 im Vorstand der \u201eInitiative Stolpersteine f\u00fcr M\u00fcnchen\u201c f\u00fcr die Verlegung der Stolpersteine auf [weiterlesen]\" \/>\n<meta property=\"og:url\" content=\"https:\/\/suedbayern.humanistische-union.de\/preis_aufrechter_gang\/preis_aufrechter_gang-2017\/einladung\/\" \/>\n<meta property=\"og:site_name\" content=\"HU Bayern\" \/>\n<meta property=\"article:modified_time\" content=\"2022-04-05T19:03:37+00:00\" \/>\n<meta name=\"twitter:card\" content=\"summary_large_image\" \/>\n<meta name=\"twitter:label1\" content=\"Gesch\u00e4tzte Lesezeit\" \/>\n\t<meta name=\"twitter:data1\" content=\"1\u00a0Minute\" \/>\n<script type=\"application\/ld+json\" class=\"yoast-schema-graph\">{\"@context\":\"https:\\\/\\\/schema.org\",\"@graph\":[{\"@type\":\"WebPage\",\"@id\":\"https:\\\/\\\/suedbayern.humanistische-union.de\\\/preis_aufrechter_gang\\\/preis_aufrechter_gang-2017\\\/einladung\\\/\",\"url\":\"https:\\\/\\\/suedbayern.humanistische-union.de\\\/preis_aufrechter_gang\\\/preis_aufrechter_gang-2017\\\/einladung\\\/\",\"name\":\"Einladung - HU Bayern\",\"isPartOf\":{\"@id\":\"https:\\\/\\\/suedbayern.humanistische-union.de\\\/#website\"},\"datePublished\":\"2020-08-28T10:04:17+00:00\",\"dateModified\":\"2022-04-05T19:03:37+00:00\",\"breadcrumb\":{\"@id\":\"https:\\\/\\\/suedbayern.humanistische-union.de\\\/preis_aufrechter_gang\\\/preis_aufrechter_gang-2017\\\/einladung\\\/#breadcrumb\"},\"inLanguage\":\"de\",\"potentialAction\":[{\"@type\":\"ReadAction\",\"target\":[\"https:\\\/\\\/suedbayern.humanistische-union.de\\\/preis_aufrechter_gang\\\/preis_aufrechter_gang-2017\\\/einladung\\\/\"]}]},{\"@type\":\"BreadcrumbList\",\"@id\":\"https:\\\/\\\/suedbayern.humanistische-union.de\\\/preis_aufrechter_gang\\\/preis_aufrechter_gang-2017\\\/einladung\\\/#breadcrumb\",\"itemListElement\":[{\"@type\":\"ListItem\",\"position\":1,\"name\":\"Startseite\",\"item\":\"https:\\\/\\\/suedbayern.humanistische-union.de\\\/\"},{\"@type\":\"ListItem\",\"position\":2,\"name\":\"Preis &#8218;Aufrechter Gang&#8216; der Humanistischen Union M\u00fcnchen\\\/S\u00fcdbayern\",\"item\":\"https:\\\/\\\/suedbayern.humanistische-union.de\\\/preis_aufrechter_gang\\\/\"},{\"@type\":\"ListItem\",\"position\":3,\"name\":\"Festakt zur Preisverleihung an Judith und Dr. Reiner Bernstein\",\"item\":\"https:\\\/\\\/suedbayern.humanistische-union.de\\\/preis_aufrechter_gang\\\/preis_aufrechter_gang-2017\\\/\"},{\"@type\":\"ListItem\",\"position\":4,\"name\":\"Einladung\"}]},{\"@type\":\"WebSite\",\"@id\":\"https:\\\/\\\/suedbayern.humanistische-union.de\\\/#website\",\"url\":\"https:\\\/\\\/suedbayern.humanistische-union.de\\\/\",\"name\":\"HU Bayern\",\"description\":\"Eine weitere HU Network Website\",\"potentialAction\":[{\"@type\":\"SearchAction\",\"target\":{\"@type\":\"EntryPoint\",\"urlTemplate\":\"https:\\\/\\\/suedbayern.humanistische-union.de\\\/?s={search_term_string}\"},\"query-input\":{\"@type\":\"PropertyValueSpecification\",\"valueRequired\":true,\"valueName\":\"search_term_string\"}}],\"inLanguage\":\"de\"}]}<\/script>\n<!-- \/ Yoast SEO plugin. -->","yoast_head_json":{"title":"Einladung - HU Bayern","robots":{"index":"index","follow":"follow","max-snippet":"max-snippet:-1","max-image-preview":"max-image-preview:large","max-video-preview":"max-video-preview:-1"},"canonical":"https:\/\/suedbayern.humanistische-union.de\/preis_aufrechter_gang\/preis_aufrechter_gang-2017\/einladung\/","og_locale":"de_DE","og_type":"article","og_title":"Einladung - HU Bayern","og_description":"Einladung\u00a0 zur Verleihung des Preises &#8218;Aufrechter Gang&#8216; der Humanistischen Union an Judith Bernstein und Dr. Reiner Bernstein Sonntag, 28. Januar 2018, 11.00 Uhr, Einlass 10:30 Uhr Filmtheater Sendlinger Tor, Sendlinger-Tor-Platz 11, 80336 M\u00fcnchen Judith und Dr. Reiner Bernstein haben sich seit 2004 im Vorstand der \u201eInitiative Stolpersteine f\u00fcr M\u00fcnchen\u201c f\u00fcr die Verlegung der Stolpersteine auf [weiterlesen]","og_url":"https:\/\/suedbayern.humanistische-union.de\/preis_aufrechter_gang\/preis_aufrechter_gang-2017\/einladung\/","og_site_name":"HU Bayern","article_modified_time":"2022-04-05T19:03:37+00:00","twitter_card":"summary_large_image","twitter_misc":{"Gesch\u00e4tzte Lesezeit":"1\u00a0Minute"},"schema":{"@context":"https:\/\/schema.org","@graph":[{"@type":"WebPage","@id":"https:\/\/suedbayern.humanistische-union.de\/preis_aufrechter_gang\/preis_aufrechter_gang-2017\/einladung\/","url":"https:\/\/suedbayern.humanistische-union.de\/preis_aufrechter_gang\/preis_aufrechter_gang-2017\/einladung\/","name":"Einladung - HU Bayern","isPartOf":{"@id":"https:\/\/suedbayern.humanistische-union.de\/#website"},"datePublished":"2020-08-28T10:04:17+00:00","dateModified":"2022-04-05T19:03:37+00:00","breadcrumb":{"@id":"https:\/\/suedbayern.humanistische-union.de\/preis_aufrechter_gang\/preis_aufrechter_gang-2017\/einladung\/#breadcrumb"},"inLanguage":"de","potentialAction":[{"@type":"ReadAction","target":["https:\/\/suedbayern.humanistische-union.de\/preis_aufrechter_gang\/preis_aufrechter_gang-2017\/einladung\/"]}]},{"@type":"BreadcrumbList","@id":"https:\/\/suedbayern.humanistische-union.de\/preis_aufrechter_gang\/preis_aufrechter_gang-2017\/einladung\/#breadcrumb","itemListElement":[{"@type":"ListItem","position":1,"name":"Startseite","item":"https:\/\/suedbayern.humanistische-union.de\/"},{"@type":"ListItem","position":2,"name":"Preis &#8218;Aufrechter Gang&#8216; der Humanistischen Union M\u00fcnchen\/S\u00fcdbayern","item":"https:\/\/suedbayern.humanistische-union.de\/preis_aufrechter_gang\/"},{"@type":"ListItem","position":3,"name":"Festakt zur Preisverleihung an Judith und Dr. Reiner Bernstein","item":"https:\/\/suedbayern.humanistische-union.de\/preis_aufrechter_gang\/preis_aufrechter_gang-2017\/"},{"@type":"ListItem","position":4,"name":"Einladung"}]},{"@type":"WebSite","@id":"https:\/\/suedbayern.humanistische-union.de\/#website","url":"https:\/\/suedbayern.humanistische-union.de\/","name":"HU Bayern","description":"Eine weitere HU Network Website","potentialAction":[{"@type":"SearchAction","target":{"@type":"EntryPoint","urlTemplate":"https:\/\/suedbayern.humanistische-union.de\/?s={search_term_string}"},"query-input":{"@type":"PropertyValueSpecification","valueRequired":true,"valueName":"search_term_string"}}],"inLanguage":"de"}]}},"_links":{"self":[{"href":"https:\/\/suedbayern.humanistische-union.de\/hu-json\/wp\/v2\/pages\/156","targetHints":{"allow":["GET"]}}],"collection":[{"href":"https:\/\/suedbayern.humanistische-union.de\/hu-json\/wp\/v2\/pages"}],"about":[{"href":"https:\/\/suedbayern.humanistische-union.de\/hu-json\/wp\/v2\/types\/page"}],"author":[{"embeddable":true,"href":"https:\/\/suedbayern.humanistische-union.de\/hu-json\/wp\/v2\/users\/1"}],"replies":[{"embeddable":true,"href":"https:\/\/suedbayern.humanistische-union.de\/hu-json\/wp\/v2\/comments?post=156"}],"version-history":[{"count":4,"href":"https:\/\/suedbayern.humanistische-union.de\/hu-json\/wp\/v2\/pages\/156\/revisions"}],"predecessor-version":[{"id":1691,"href":"https:\/\/suedbayern.humanistische-union.de\/hu-json\/wp\/v2\/pages\/156\/revisions\/1691"}],"up":[{"embeddable":true,"href":"https:\/\/suedbayern.humanistische-union.de\/hu-json\/wp\/v2\/pages\/160"}],"wp:attachment":[{"href":"https:\/\/suedbayern.humanistische-union.de\/hu-json\/wp\/v2\/media?parent=156"}],"wp:term":[{"taxonomy":"post_tag","embeddable":true,"href":"https:\/\/suedbayern.humanistische-union.de\/hu-json\/wp\/v2\/tags?post=156"},{"taxonomy":"autoren","embeddable":true,"href":"https:\/\/suedbayern.humanistische-union.de\/hu-json\/wp\/v2\/autoren?post=156"}],"curies":[{"name":"wp","href":"https:\/\/api.w.org\/{rel}","templated":true}]}}