{"id":289,"date":"2019-01-30T12:00:00","date_gmt":"2019-01-30T11:00:00","guid":{"rendered":"http:\/\/suedbayern.humanistische-union.de\/gilt-in-muenchen-noch-die-grundgesetzlich-garantierte-meinungsfreiheit\/"},"modified":"2022-02-28T07:40:30","modified_gmt":"2022-02-28T06:40:30","slug":"gilt-in-muenchen-noch-die-grundgesetzlich-garantierte-meinungsfreiheit","status":"publish","type":"page","link":"https:\/\/suedbayern.humanistische-union.de\/hu_macht_radio\/gilt-in-muenchen-noch-die-grundgesetzlich-garantierte-meinungsfreiheit\/","title":{"rendered":"Gilt in M\u00fcnchen noch die grundgesetzlich garantierte Meinungsfreiheit?"},"content":{"rendered":"<div>\n<p><span class=\"migrated-image\"><a href=\"https:\/\/www.humanistische-union.de\/wp-content\/uploads\/sites\/4\/2021\/08\/Kopie_von_logo_web_kl.jpg\" target=\"_blank\" rel=\"noopener\"><img loading=\"lazy\" decoding=\"async\" src=\"data:image\/gif;base64,R0lGODlhAQABAIAAAAAAAP\/\/\/ywAAAAAAQABAAACAUwAOw==\" fifu-lazy=\"1\" fifu-data-sizes=\"auto\" fifu-data-srcset=\"https:\/\/i0.wp.com\/www.humanistische-union.de\/wp-content\/uploads\/2021\/08\/Kopie_von_logo_web_kl.jpg?ssl=1&w=75&resize=75&ssl=1 75w, https:\/\/i0.wp.com\/www.humanistische-union.de\/wp-content\/uploads\/2021\/08\/Kopie_von_logo_web_kl.jpg?ssl=1&w=100&resize=100&ssl=1 100w, https:\/\/i0.wp.com\/www.humanistische-union.de\/wp-content\/uploads\/2021\/08\/Kopie_von_logo_web_kl.jpg?ssl=1&w=150&resize=150&ssl=1 150w, https:\/\/i0.wp.com\/www.humanistische-union.de\/wp-content\/uploads\/2021\/08\/Kopie_von_logo_web_kl.jpg?ssl=1&w=240&resize=240&ssl=1 240w, https:\/\/i0.wp.com\/www.humanistische-union.de\/wp-content\/uploads\/2021\/08\/Kopie_von_logo_web_kl.jpg?ssl=1&w=320&resize=320&ssl=1 320w, https:\/\/i0.wp.com\/www.humanistische-union.de\/wp-content\/uploads\/2021\/08\/Kopie_von_logo_web_kl.jpg?ssl=1&w=500&resize=500&ssl=1 500w, https:\/\/i0.wp.com\/www.humanistische-union.de\/wp-content\/uploads\/2021\/08\/Kopie_von_logo_web_kl.jpg?ssl=1&w=640&resize=640&ssl=1 640w, https:\/\/i0.wp.com\/www.humanistische-union.de\/wp-content\/uploads\/2021\/08\/Kopie_von_logo_web_kl.jpg?ssl=1&w=800&resize=800&ssl=1 800w, https:\/\/i0.wp.com\/www.humanistische-union.de\/wp-content\/uploads\/2021\/08\/Kopie_von_logo_web_kl.jpg?ssl=1&w=1024&resize=1024&ssl=1 1024w, https:\/\/i0.wp.com\/www.humanistische-union.de\/wp-content\/uploads\/2021\/08\/Kopie_von_logo_web_kl.jpg?ssl=1&w=1280&resize=1280&ssl=1 1280w, https:\/\/i0.wp.com\/www.humanistische-union.de\/wp-content\/uploads\/2021\/08\/Kopie_von_logo_web_kl.jpg?ssl=1&w=1600&resize=1600&ssl=1 1600w\" class=\"alignnone wp-image-241 size-medium\" fifu-data-src=\"https:\/\/i0.wp.com\/www.humanistische-union.de\/wp-content\/uploads\/2021\/08\/Kopie_von_logo_web_kl.jpg?ssl=1\" alt=\"Gilt in M\u00fcnchen noch die grundgesetzlich garantierte Meinungsfreiheit?\" width=\"307\" height=\"153\" \/><\/a><\/span><\/p>\n<\/div>\n<p>Bekanntlich hat der M\u00fcnchner Stadtrat am 13.12. 2017 den Beschluss gefasst:<b> \u201eGegen jeden Antisemitismus! Keine Zusammenarbeit mit der antisemitischen BDS-Bewegung\u201c<\/b>. Eine M\u00fcnchner Initiative wollte dar\u00fcber im Stadtmuseum diskutieren, aber es wurde ihr ein Raum mit Berufung auf diesen Stadtratsbeschluss verweigert. Dagegen und gegen den Stadtratsbeschluss hat eines ihrer Mitglieder geklagt. Nachdem das Oldenburger Verwaltungsgericht die \u00dcberlassung st\u00e4dtischer R\u00e4ume f\u00fcr zul\u00e4ssig erkl\u00e4rt hatte1, waren wir sehr entt\u00e4uscht \u00fcber die Entscheidung des Verwaltungsgerichts M\u00fcnchen, das den Stadtratsbeschluss f\u00fcr Rechtens erkl\u00e4rt (Eine kritische W\u00fcrdigung finden Sie hier <a href=\"https:\/\/www.nachdenkseiten.de\/?p=48172\" target=\"_blank\" rel=\"noopener\">https:\/\/www.nachdenkseiten.de\/?p=48172<\/a> )<\/p>\n<p>In der einst\u00fcndigen Diskussion am 30.1.19 in Radio LORA auf 92.4 UKW und im Internet livestream unter <a href=\"http:\/\/www.lora924.de\/\" target=\"_blank\" rel=\"noopener\">www.lora924.de<\/a> wird es nicht um das Thema BDS gehen, sondern um Fragen wie:<\/p>\n<p>1. Wann darf die Stadt M\u00fcnchen die Diskussion bestimmter Themen in ihren R\u00e4umen untersagen?<br \/>\n2. Wie l\u00e4sst sich das Diskussionsverbot \u00fcber Stadtratsbeschl\u00fcsse demokratisch legitimieren?<br \/>\n3. Welche M\u00f6glichkeiten bleiben noch, um gegen solche Entscheidungen vorzugehen?<\/p>\n<p><b>G\u00e4ste in der Sendung sind:<\/b><\/p>\n<p><b>Klaus Ried, Kl\u00e4ger<br \/>\nAngela Krause, Salam Shalom Arbeitskreis Pal\u00e4stina-Israel e. V.<br \/>\nWolfgang St\u00f6ger, Vorstandsmitglied Humanistische Union Bayern<\/b><\/p>\n<p>Vorab interviewt und in der Sendung zu Wort kommt:<br \/>\n<b>Norman Paech, Jurist und emeritierter deutscher Professor f\u00fcr Politikwissenschaft und f\u00fcr \u00d6ffentliches Recht an der Universit\u00e4t Hamburg<\/b><\/p>\n<p>Bereits im Mai 2018 hat <b>Redakteur Mike Gro\u00dfe-Hering mit Marian Offman, Stadtrat f\u00fcr die CSU <\/b>\u00fcber diesen Beschluss gesprochen. Seine Position wird in Ausschnitten ebenfalls zu h\u00f6ren sein.<\/p>\n","protected":false},"excerpt":{"rendered":"<p>Bekanntlich hat der M\u00fcnchner Stadtrat am 13.12. 2017 den Beschluss gefasst: \u201eGegen jeden Antisemitismus! Keine Zusammenarbeit mit der antisemitischen BDS-Bewegung\u201c. Eine M\u00fcnchner Initiative wollte dar\u00fcber im Stadtmuseum diskutieren, aber es wurde ihr ein Raum mit Berufung auf diesen Stadtratsbeschluss verweigert. Dagegen und gegen den Stadtratsbeschluss hat eines ihrer Mitglieder geklagt. Nachdem das Oldenburger Verwaltungsgericht die [weiterlesen]<\/p>\n","protected":false},"author":1,"featured_media":0,"parent":288,"menu_order":0,"comment_status":"closed","ping_status":"closed","template":"","meta":{"_acf_changed":false,"footnotes":""},"tags":[24,28,14,25,27,26,23],"autoren":[10],"class_list":["post-289","page","type-page","status-publish","hentry","tag-ifg-bayern","tag-muenchen-radiobeitraege","tag-muenchen-termine","tag-rassismus","tag-rechtspolitik","tag-religion","tag-versammlungsfreiheit","autoren-wolfgang-killinger"],"acf":[],"yoast_head":"<!-- This site is optimized with the Yoast SEO plugin v28.4 - https:\/\/yoast.com\/product\/yoast-seo-wordpress\/ -->\n<title>Gilt in M\u00fcnchen noch die grundgesetzlich garantierte Meinungsfreiheit? - HU Bayern<\/title>\n<meta name=\"robots\" content=\"index, follow, max-snippet:-1, max-image-preview:large, max-video-preview:-1\" \/>\n<link rel=\"canonical\" href=\"https:\/\/suedbayern.humanistische-union.de\/hu_macht_radio\/gilt-in-muenchen-noch-die-grundgesetzlich-garantierte-meinungsfreiheit\/\" \/>\n<meta property=\"og:locale\" content=\"de_DE\" \/>\n<meta property=\"og:type\" content=\"article\" \/>\n<meta property=\"og:title\" content=\"Gilt in M\u00fcnchen noch die grundgesetzlich garantierte Meinungsfreiheit? - HU Bayern\" \/>\n<meta property=\"og:description\" content=\"Bekanntlich hat der M\u00fcnchner Stadtrat am 13.12. 2017 den Beschluss gefasst: \u201eGegen jeden Antisemitismus! Keine Zusammenarbeit mit der antisemitischen BDS-Bewegung\u201c. Eine M\u00fcnchner Initiative wollte dar\u00fcber im Stadtmuseum diskutieren, aber es wurde ihr ein Raum mit Berufung auf diesen Stadtratsbeschluss verweigert. Dagegen und gegen den Stadtratsbeschluss hat eines ihrer Mitglieder geklagt. Nachdem das Oldenburger Verwaltungsgericht die [weiterlesen]\" \/>\n<meta property=\"og:url\" content=\"https:\/\/suedbayern.humanistische-union.de\/hu_macht_radio\/gilt-in-muenchen-noch-die-grundgesetzlich-garantierte-meinungsfreiheit\/\" \/>\n<meta property=\"og:site_name\" content=\"HU Bayern\" \/>\n<meta property=\"article:modified_time\" content=\"2022-02-28T06:40:30+00:00\" \/>\n<meta property=\"og:image\" content=\"https:\/\/www.humanistische-union.de\/wp-content\/uploads\/2021\/08\/Kopie_von_logo_web_kl.jpg\" \/>\n<meta name=\"twitter:card\" content=\"summary_large_image\" \/>\n<meta name=\"twitter:label1\" content=\"Gesch\u00e4tzte Lesezeit\" \/>\n\t<meta name=\"twitter:data1\" content=\"1\u00a0Minute\" \/>\n<script type=\"application\/ld+json\" class=\"yoast-schema-graph\">{\"@context\":\"https:\\\/\\\/schema.org\",\"@graph\":[{\"@type\":\"WebPage\",\"@id\":\"https:\\\/\\\/suedbayern.humanistische-union.de\\\/hu_macht_radio\\\/gilt-in-muenchen-noch-die-grundgesetzlich-garantierte-meinungsfreiheit\\\/\",\"url\":\"https:\\\/\\\/suedbayern.humanistische-union.de\\\/hu_macht_radio\\\/gilt-in-muenchen-noch-die-grundgesetzlich-garantierte-meinungsfreiheit\\\/\",\"name\":\"Gilt in M\u00fcnchen noch die grundgesetzlich garantierte Meinungsfreiheit? - HU Bayern\",\"isPartOf\":{\"@id\":\"https:\\\/\\\/suedbayern.humanistische-union.de\\\/#website\"},\"primaryImageOfPage\":{\"@id\":\"https:\\\/\\\/suedbayern.humanistische-union.de\\\/hu_macht_radio\\\/gilt-in-muenchen-noch-die-grundgesetzlich-garantierte-meinungsfreiheit\\\/#primaryimage\"},\"image\":{\"@id\":\"https:\\\/\\\/suedbayern.humanistische-union.de\\\/hu_macht_radio\\\/gilt-in-muenchen-noch-die-grundgesetzlich-garantierte-meinungsfreiheit\\\/#primaryimage\"},\"thumbnailUrl\":\"https:\\\/\\\/www.humanistische-union.de\\\/wp-content\\\/uploads\\\/2021\\\/08\\\/Kopie_von_logo_web_kl.jpg\",\"datePublished\":\"2019-01-30T11:00:00+00:00\",\"dateModified\":\"2022-02-28T06:40:30+00:00\",\"breadcrumb\":{\"@id\":\"https:\\\/\\\/suedbayern.humanistische-union.de\\\/hu_macht_radio\\\/gilt-in-muenchen-noch-die-grundgesetzlich-garantierte-meinungsfreiheit\\\/#breadcrumb\"},\"inLanguage\":\"de\",\"potentialAction\":[{\"@type\":\"ReadAction\",\"target\":[\"https:\\\/\\\/suedbayern.humanistische-union.de\\\/hu_macht_radio\\\/gilt-in-muenchen-noch-die-grundgesetzlich-garantierte-meinungsfreiheit\\\/\"]}]},{\"@type\":\"ImageObject\",\"inLanguage\":\"de\",\"@id\":\"https:\\\/\\\/suedbayern.humanistische-union.de\\\/hu_macht_radio\\\/gilt-in-muenchen-noch-die-grundgesetzlich-garantierte-meinungsfreiheit\\\/#primaryimage\",\"url\":\"https:\\\/\\\/www.humanistische-union.de\\\/wp-content\\\/uploads\\\/2021\\\/08\\\/Kopie_von_logo_web_kl.jpg\",\"contentUrl\":\"https:\\\/\\\/www.humanistische-union.de\\\/wp-content\\\/uploads\\\/2021\\\/08\\\/Kopie_von_logo_web_kl.jpg\"},{\"@type\":\"BreadcrumbList\",\"@id\":\"https:\\\/\\\/suedbayern.humanistische-union.de\\\/hu_macht_radio\\\/gilt-in-muenchen-noch-die-grundgesetzlich-garantierte-meinungsfreiheit\\\/#breadcrumb\",\"itemListElement\":[{\"@type\":\"ListItem\",\"position\":1,\"name\":\"Startseite\",\"item\":\"https:\\\/\\\/suedbayern.humanistische-union.de\\\/\"},{\"@type\":\"ListItem\",\"position\":2,\"name\":\"HU macht Radio\",\"item\":\"https:\\\/\\\/suedbayern.humanistische-union.de\\\/hu_macht_radio\\\/\"},{\"@type\":\"ListItem\",\"position\":3,\"name\":\"Gilt in M\u00fcnchen noch die grundgesetzlich garantierte Meinungsfreiheit?\"}]},{\"@type\":\"WebSite\",\"@id\":\"https:\\\/\\\/suedbayern.humanistische-union.de\\\/#website\",\"url\":\"https:\\\/\\\/suedbayern.humanistische-union.de\\\/\",\"name\":\"HU Bayern\",\"description\":\"Eine weitere HU Network Website\",\"potentialAction\":[{\"@type\":\"SearchAction\",\"target\":{\"@type\":\"EntryPoint\",\"urlTemplate\":\"https:\\\/\\\/suedbayern.humanistische-union.de\\\/?s={search_term_string}\"},\"query-input\":{\"@type\":\"PropertyValueSpecification\",\"valueRequired\":true,\"valueName\":\"search_term_string\"}}],\"inLanguage\":\"de\"}]}<\/script>\n<!-- \/ Yoast SEO plugin. -->","yoast_head_json":{"title":"Gilt in M\u00fcnchen noch die grundgesetzlich garantierte Meinungsfreiheit? - HU Bayern","robots":{"index":"index","follow":"follow","max-snippet":"max-snippet:-1","max-image-preview":"max-image-preview:large","max-video-preview":"max-video-preview:-1"},"canonical":"https:\/\/suedbayern.humanistische-union.de\/hu_macht_radio\/gilt-in-muenchen-noch-die-grundgesetzlich-garantierte-meinungsfreiheit\/","og_locale":"de_DE","og_type":"article","og_title":"Gilt in M\u00fcnchen noch die grundgesetzlich garantierte Meinungsfreiheit? - HU Bayern","og_description":"Bekanntlich hat der M\u00fcnchner Stadtrat am 13.12. 2017 den Beschluss gefasst: \u201eGegen jeden Antisemitismus! Keine Zusammenarbeit mit der antisemitischen BDS-Bewegung\u201c. Eine M\u00fcnchner Initiative wollte dar\u00fcber im Stadtmuseum diskutieren, aber es wurde ihr ein Raum mit Berufung auf diesen Stadtratsbeschluss verweigert. Dagegen und gegen den Stadtratsbeschluss hat eines ihrer Mitglieder geklagt. Nachdem das Oldenburger Verwaltungsgericht die [weiterlesen]","og_url":"https:\/\/suedbayern.humanistische-union.de\/hu_macht_radio\/gilt-in-muenchen-noch-die-grundgesetzlich-garantierte-meinungsfreiheit\/","og_site_name":"HU Bayern","article_modified_time":"2022-02-28T06:40:30+00:00","og_image":[{"url":"https:\/\/www.humanistische-union.de\/wp-content\/uploads\/2021\/08\/Kopie_von_logo_web_kl.jpg","type":"","width":"","height":""}],"twitter_card":"summary_large_image","twitter_misc":{"Gesch\u00e4tzte Lesezeit":"1\u00a0Minute"},"schema":{"@context":"https:\/\/schema.org","@graph":[{"@type":"WebPage","@id":"https:\/\/suedbayern.humanistische-union.de\/hu_macht_radio\/gilt-in-muenchen-noch-die-grundgesetzlich-garantierte-meinungsfreiheit\/","url":"https:\/\/suedbayern.humanistische-union.de\/hu_macht_radio\/gilt-in-muenchen-noch-die-grundgesetzlich-garantierte-meinungsfreiheit\/","name":"Gilt in M\u00fcnchen noch die grundgesetzlich garantierte Meinungsfreiheit? - HU Bayern","isPartOf":{"@id":"https:\/\/suedbayern.humanistische-union.de\/#website"},"primaryImageOfPage":{"@id":"https:\/\/suedbayern.humanistische-union.de\/hu_macht_radio\/gilt-in-muenchen-noch-die-grundgesetzlich-garantierte-meinungsfreiheit\/#primaryimage"},"image":{"@id":"https:\/\/suedbayern.humanistische-union.de\/hu_macht_radio\/gilt-in-muenchen-noch-die-grundgesetzlich-garantierte-meinungsfreiheit\/#primaryimage"},"thumbnailUrl":"https:\/\/www.humanistische-union.de\/wp-content\/uploads\/2021\/08\/Kopie_von_logo_web_kl.jpg","datePublished":"2019-01-30T11:00:00+00:00","dateModified":"2022-02-28T06:40:30+00:00","breadcrumb":{"@id":"https:\/\/suedbayern.humanistische-union.de\/hu_macht_radio\/gilt-in-muenchen-noch-die-grundgesetzlich-garantierte-meinungsfreiheit\/#breadcrumb"},"inLanguage":"de","potentialAction":[{"@type":"ReadAction","target":["https:\/\/suedbayern.humanistische-union.de\/hu_macht_radio\/gilt-in-muenchen-noch-die-grundgesetzlich-garantierte-meinungsfreiheit\/"]}]},{"@type":"ImageObject","inLanguage":"de","@id":"https:\/\/suedbayern.humanistische-union.de\/hu_macht_radio\/gilt-in-muenchen-noch-die-grundgesetzlich-garantierte-meinungsfreiheit\/#primaryimage","url":"https:\/\/www.humanistische-union.de\/wp-content\/uploads\/2021\/08\/Kopie_von_logo_web_kl.jpg","contentUrl":"https:\/\/www.humanistische-union.de\/wp-content\/uploads\/2021\/08\/Kopie_von_logo_web_kl.jpg"},{"@type":"BreadcrumbList","@id":"https:\/\/suedbayern.humanistische-union.de\/hu_macht_radio\/gilt-in-muenchen-noch-die-grundgesetzlich-garantierte-meinungsfreiheit\/#breadcrumb","itemListElement":[{"@type":"ListItem","position":1,"name":"Startseite","item":"https:\/\/suedbayern.humanistische-union.de\/"},{"@type":"ListItem","position":2,"name":"HU macht Radio","item":"https:\/\/suedbayern.humanistische-union.de\/hu_macht_radio\/"},{"@type":"ListItem","position":3,"name":"Gilt in M\u00fcnchen noch die grundgesetzlich garantierte Meinungsfreiheit?"}]},{"@type":"WebSite","@id":"https:\/\/suedbayern.humanistische-union.de\/#website","url":"https:\/\/suedbayern.humanistische-union.de\/","name":"HU Bayern","description":"Eine weitere HU Network Website","potentialAction":[{"@type":"SearchAction","target":{"@type":"EntryPoint","urlTemplate":"https:\/\/suedbayern.humanistische-union.de\/?s={search_term_string}"},"query-input":{"@type":"PropertyValueSpecification","valueRequired":true,"valueName":"search_term_string"}}],"inLanguage":"de"}]}},"_links":{"self":[{"href":"https:\/\/suedbayern.humanistische-union.de\/hu-json\/wp\/v2\/pages\/289","targetHints":{"allow":["GET"]}}],"collection":[{"href":"https:\/\/suedbayern.humanistische-union.de\/hu-json\/wp\/v2\/pages"}],"about":[{"href":"https:\/\/suedbayern.humanistische-union.de\/hu-json\/wp\/v2\/types\/page"}],"author":[{"embeddable":true,"href":"https:\/\/suedbayern.humanistische-union.de\/hu-json\/wp\/v2\/users\/1"}],"replies":[{"embeddable":true,"href":"https:\/\/suedbayern.humanistische-union.de\/hu-json\/wp\/v2\/comments?post=289"}],"version-history":[{"count":4,"href":"https:\/\/suedbayern.humanistische-union.de\/hu-json\/wp\/v2\/pages\/289\/revisions"}],"predecessor-version":[{"id":1655,"href":"https:\/\/suedbayern.humanistische-union.de\/hu-json\/wp\/v2\/pages\/289\/revisions\/1655"}],"up":[{"embeddable":true,"href":"https:\/\/suedbayern.humanistische-union.de\/hu-json\/wp\/v2\/pages\/288"}],"wp:attachment":[{"href":"https:\/\/suedbayern.humanistische-union.de\/hu-json\/wp\/v2\/media?parent=289"}],"wp:term":[{"taxonomy":"post_tag","embeddable":true,"href":"https:\/\/suedbayern.humanistische-union.de\/hu-json\/wp\/v2\/tags?post=289"},{"taxonomy":"autoren","embeddable":true,"href":"https:\/\/suedbayern.humanistische-union.de\/hu-json\/wp\/v2\/autoren?post=289"}],"curies":[{"name":"wp","href":"https:\/\/api.w.org\/{rel}","templated":true}]}}