{"id":8,"date":"2021-08-28T10:52:25","date_gmt":"2021-08-28T08:52:25","guid":{"rendered":"https:\/\/suedbayern.humanistische-union.de\/?page_id=8"},"modified":"2022-03-22T14:08:30","modified_gmt":"2022-03-22T13:08:30","slug":"kontakt","status":"publish","type":"page","link":"https:\/\/suedbayern.humanistische-union.de\/wir-ueber-uns-3\/kontakt\/","title":{"rendered":"Kontakt zum Landesverband Bayern"},"content":{"rendered":"<p>Der Vorstand des Landesverbandes trifft sich in regelm\u00e4\u00dfigen Abst\u00e4nden, um \u00fcber aktuelle Themen zu diskutieren und die n\u00e4chsten Veranstaltungen vorzubereiten. Wenn Sie zu einem solchen Treffen eingeladen werden wollen, k\u00f6nnen Sie uns gerne schreiben:<\/p>\n<p>&nbsp;<\/p>\n<blockquote style=\"margin-bottom: 0; margin-top: 0;\">\n<blockquote style=\"margin-bottom: 0; margin-top: 0;\">\n<p><b>Humanistische Union e.V.<br \/>\nLandesverband Bayern\u00a0<\/b><\/p>\n<p>c\/o Wolfgang St\u00f6ger<br \/>\n<a href=\"mailto:bayern@humanistische-union.de\">stoeger.w@humanistische-union.de<\/a><\/p>\n<p>oder:<\/p>\n<p><a href=\"mailto:bayern@humanistische-union.de\">bayern@humanistische-union.de<\/a><\/p>\n<p>Internetangebot des Landesverbandes Bayern:<br \/>\n<a href=\"http:\/\/suedbayern.humanistische-union.de\/\" target=\"_blank\" rel=\"noopener\">http:\/\/suedbayern.humanistische-union.de<\/a><\/p>\n<\/blockquote>\n<\/blockquote>\n","protected":false},"excerpt":{"rendered":"<p>Der Vorstand des Landesverbandes trifft sich in regelm\u00e4\u00dfigen Abst\u00e4nden, um \u00fcber aktuelle Themen zu diskutieren und die n\u00e4chsten Veranstaltungen vorzubereiten. Wenn Sie zu einem solchen Treffen eingeladen werden wollen, k\u00f6nnen Sie uns gerne schreiben: &nbsp; Humanistische Union e.V. Landesverband Bayern\u00a0 c\/o Wolfgang St\u00f6ger stoeger.w@humanistische-union.de oder: bayern@humanistische-union.de Internetangebot des Landesverbandes Bayern: http:\/\/suedbayern.humanistische-union.de [weiterlesen]<\/p>\n","protected":false},"author":1,"featured_media":0,"parent":1657,"menu_order":0,"comment_status":"closed","ping_status":"closed","template":"","meta":{"_acf_changed":false,"footnotes":""},"tags":[],"autoren":[],"class_list":["post-8","page","type-page","status-publish","hentry"],"acf":[],"yoast_head":"<!-- This site is optimized with the Yoast SEO plugin v28.4 - https:\/\/yoast.com\/product\/yoast-seo-wordpress\/ -->\n<title>Kontakt zum Landesverband Bayern - HU Bayern<\/title>\n<meta name=\"robots\" content=\"index, follow, max-snippet:-1, max-image-preview:large, max-video-preview:-1\" \/>\n<link rel=\"canonical\" href=\"https:\/\/suedbayern.humanistische-union.de\/wir-ueber-uns-3\/kontakt\/\" \/>\n<meta property=\"og:locale\" content=\"de_DE\" \/>\n<meta property=\"og:type\" content=\"article\" \/>\n<meta property=\"og:title\" content=\"Kontakt zum Landesverband Bayern - HU Bayern\" \/>\n<meta property=\"og:description\" content=\"Der Vorstand des Landesverbandes trifft sich in regelm\u00e4\u00dfigen Abst\u00e4nden, um \u00fcber aktuelle Themen zu diskutieren und die n\u00e4chsten Veranstaltungen vorzubereiten. Wenn Sie zu einem solchen Treffen eingeladen werden wollen, k\u00f6nnen Sie uns gerne schreiben: &nbsp; Humanistische Union e.V. Landesverband Bayern\u00a0 c\/o Wolfgang St\u00f6ger stoeger.w@humanistische-union.de oder: bayern@humanistische-union.de Internetangebot des Landesverbandes Bayern: http:\/\/suedbayern.humanistische-union.de [weiterlesen]\" \/>\n<meta property=\"og:url\" content=\"https:\/\/suedbayern.humanistische-union.de\/wir-ueber-uns-3\/kontakt\/\" \/>\n<meta property=\"og:site_name\" content=\"HU Bayern\" \/>\n<meta property=\"article:modified_time\" content=\"2022-03-22T13:08:30+00:00\" \/>\n<meta name=\"twitter:card\" content=\"summary_large_image\" \/>\n<meta name=\"twitter:label1\" content=\"Gesch\u00e4tzte Lesezeit\" \/>\n\t<meta name=\"twitter:data1\" content=\"1\u00a0Minute\" \/>\n<script type=\"application\/ld+json\" class=\"yoast-schema-graph\">{\"@context\":\"https:\\\/\\\/schema.org\",\"@graph\":[{\"@type\":\"WebPage\",\"@id\":\"https:\\\/\\\/suedbayern.humanistische-union.de\\\/wir-ueber-uns-3\\\/kontakt\\\/\",\"url\":\"https:\\\/\\\/suedbayern.humanistische-union.de\\\/wir-ueber-uns-3\\\/kontakt\\\/\",\"name\":\"Kontakt zum Landesverband Bayern - HU Bayern\",\"isPartOf\":{\"@id\":\"https:\\\/\\\/suedbayern.humanistische-union.de\\\/#website\"},\"datePublished\":\"2021-08-28T08:52:25+00:00\",\"dateModified\":\"2022-03-22T13:08:30+00:00\",\"breadcrumb\":{\"@id\":\"https:\\\/\\\/suedbayern.humanistische-union.de\\\/wir-ueber-uns-3\\\/kontakt\\\/#breadcrumb\"},\"inLanguage\":\"de\",\"potentialAction\":[{\"@type\":\"ReadAction\",\"target\":[\"https:\\\/\\\/suedbayern.humanistische-union.de\\\/wir-ueber-uns-3\\\/kontakt\\\/\"]}]},{\"@type\":\"BreadcrumbList\",\"@id\":\"https:\\\/\\\/suedbayern.humanistische-union.de\\\/wir-ueber-uns-3\\\/kontakt\\\/#breadcrumb\",\"itemListElement\":[{\"@type\":\"ListItem\",\"position\":1,\"name\":\"Startseite\",\"item\":\"https:\\\/\\\/suedbayern.humanistische-union.de\\\/\"},{\"@type\":\"ListItem\",\"position\":2,\"name\":\"Wir \u00fcber uns\",\"item\":\"https:\\\/\\\/suedbayern.humanistische-union.de\\\/wir-ueber-uns-3\\\/\"},{\"@type\":\"ListItem\",\"position\":3,\"name\":\"Kontakt zum Landesverband Bayern\"}]},{\"@type\":\"WebSite\",\"@id\":\"https:\\\/\\\/suedbayern.humanistische-union.de\\\/#website\",\"url\":\"https:\\\/\\\/suedbayern.humanistische-union.de\\\/\",\"name\":\"HU Bayern\",\"description\":\"Eine weitere HU Network Website\",\"potentialAction\":[{\"@type\":\"SearchAction\",\"target\":{\"@type\":\"EntryPoint\",\"urlTemplate\":\"https:\\\/\\\/suedbayern.humanistische-union.de\\\/?s={search_term_string}\"},\"query-input\":{\"@type\":\"PropertyValueSpecification\",\"valueRequired\":true,\"valueName\":\"search_term_string\"}}],\"inLanguage\":\"de\"}]}<\/script>\n<!-- \/ Yoast SEO plugin. -->","yoast_head_json":{"title":"Kontakt zum Landesverband Bayern - HU Bayern","robots":{"index":"index","follow":"follow","max-snippet":"max-snippet:-1","max-image-preview":"max-image-preview:large","max-video-preview":"max-video-preview:-1"},"canonical":"https:\/\/suedbayern.humanistische-union.de\/wir-ueber-uns-3\/kontakt\/","og_locale":"de_DE","og_type":"article","og_title":"Kontakt zum Landesverband Bayern - HU Bayern","og_description":"Der Vorstand des Landesverbandes trifft sich in regelm\u00e4\u00dfigen Abst\u00e4nden, um \u00fcber aktuelle Themen zu diskutieren und die n\u00e4chsten Veranstaltungen vorzubereiten. Wenn Sie zu einem solchen Treffen eingeladen werden wollen, k\u00f6nnen Sie uns gerne schreiben: &nbsp; Humanistische Union e.V. Landesverband Bayern\u00a0 c\/o Wolfgang St\u00f6ger stoeger.w@humanistische-union.de oder: bayern@humanistische-union.de Internetangebot des Landesverbandes Bayern: http:\/\/suedbayern.humanistische-union.de [weiterlesen]","og_url":"https:\/\/suedbayern.humanistische-union.de\/wir-ueber-uns-3\/kontakt\/","og_site_name":"HU Bayern","article_modified_time":"2022-03-22T13:08:30+00:00","twitter_card":"summary_large_image","twitter_misc":{"Gesch\u00e4tzte Lesezeit":"1\u00a0Minute"},"schema":{"@context":"https:\/\/schema.org","@graph":[{"@type":"WebPage","@id":"https:\/\/suedbayern.humanistische-union.de\/wir-ueber-uns-3\/kontakt\/","url":"https:\/\/suedbayern.humanistische-union.de\/wir-ueber-uns-3\/kontakt\/","name":"Kontakt zum Landesverband Bayern - HU Bayern","isPartOf":{"@id":"https:\/\/suedbayern.humanistische-union.de\/#website"},"datePublished":"2021-08-28T08:52:25+00:00","dateModified":"2022-03-22T13:08:30+00:00","breadcrumb":{"@id":"https:\/\/suedbayern.humanistische-union.de\/wir-ueber-uns-3\/kontakt\/#breadcrumb"},"inLanguage":"de","potentialAction":[{"@type":"ReadAction","target":["https:\/\/suedbayern.humanistische-union.de\/wir-ueber-uns-3\/kontakt\/"]}]},{"@type":"BreadcrumbList","@id":"https:\/\/suedbayern.humanistische-union.de\/wir-ueber-uns-3\/kontakt\/#breadcrumb","itemListElement":[{"@type":"ListItem","position":1,"name":"Startseite","item":"https:\/\/suedbayern.humanistische-union.de\/"},{"@type":"ListItem","position":2,"name":"Wir \u00fcber uns","item":"https:\/\/suedbayern.humanistische-union.de\/wir-ueber-uns-3\/"},{"@type":"ListItem","position":3,"name":"Kontakt zum Landesverband Bayern"}]},{"@type":"WebSite","@id":"https:\/\/suedbayern.humanistische-union.de\/#website","url":"https:\/\/suedbayern.humanistische-union.de\/","name":"HU Bayern","description":"Eine weitere HU Network Website","potentialAction":[{"@type":"SearchAction","target":{"@type":"EntryPoint","urlTemplate":"https:\/\/suedbayern.humanistische-union.de\/?s={search_term_string}"},"query-input":{"@type":"PropertyValueSpecification","valueRequired":true,"valueName":"search_term_string"}}],"inLanguage":"de"}]}},"_links":{"self":[{"href":"https:\/\/suedbayern.humanistische-union.de\/hu-json\/wp\/v2\/pages\/8","targetHints":{"allow":["GET"]}}],"collection":[{"href":"https:\/\/suedbayern.humanistische-union.de\/hu-json\/wp\/v2\/pages"}],"about":[{"href":"https:\/\/suedbayern.humanistische-union.de\/hu-json\/wp\/v2\/types\/page"}],"author":[{"embeddable":true,"href":"https:\/\/suedbayern.humanistische-union.de\/hu-json\/wp\/v2\/users\/1"}],"replies":[{"embeddable":true,"href":"https:\/\/suedbayern.humanistische-union.de\/hu-json\/wp\/v2\/comments?post=8"}],"version-history":[{"count":7,"href":"https:\/\/suedbayern.humanistische-union.de\/hu-json\/wp\/v2\/pages\/8\/revisions"}],"predecessor-version":[{"id":1656,"href":"https:\/\/suedbayern.humanistische-union.de\/hu-json\/wp\/v2\/pages\/8\/revisions\/1656"}],"up":[{"embeddable":true,"href":"https:\/\/suedbayern.humanistische-union.de\/hu-json\/wp\/v2\/pages\/1657"}],"wp:attachment":[{"href":"https:\/\/suedbayern.humanistische-union.de\/hu-json\/wp\/v2\/media?parent=8"}],"wp:term":[{"taxonomy":"post_tag","embeddable":true,"href":"https:\/\/suedbayern.humanistische-union.de\/hu-json\/wp\/v2\/tags?post=8"},{"taxonomy":"autoren","embeddable":true,"href":"https:\/\/suedbayern.humanistische-union.de\/hu-json\/wp\/v2\/autoren?post=8"}],"curies":[{"name":"wp","href":"https:\/\/api.w.org\/{rel}","templated":true}]}}