{"id":1699,"date":"2022-05-17T16:48:07","date_gmt":"2022-05-17T14:48:07","guid":{"rendered":"https:\/\/suedbayern.humanistische-union.de\/?post_type=termin&#038;p=1699"},"modified":"2022-05-17T22:55:19","modified_gmt":"2022-05-17T20:55:19","slug":"preisverleihung-aufrechter-gang-an-wolfram-p-kastner","status":"publish","type":"termin","link":"https:\/\/suedbayern.humanistische-union.de\/veranstaltungen\/2022\/preisverleihung-aufrechter-gang-an-wolfram-p-kastner\/","title":{"rendered":"Preisverleihung &#8222;Aufrechter Gang&#8220; an Wolfram P. Kastner"},"content":{"rendered":"<div style=\"text-align:center\"><img decoding=\"async\" src=\"data:image\/gif;base64,R0lGODlhAQABAIAAAAAAAP\/\/\/ywAAAAAAQABAAACAUwAOw==\" fifu-lazy=\"1\" fifu-data-sizes=\"auto\" fifu-data-srcset=\"https:\/\/i0.wp.com\/suedbayern.humanistische-union.de\/wp-content\/uploads\/sites\/4\/2022\/05\/kaktus.jpg?ssl=1&w=75&resize=75&ssl=1 75w, https:\/\/i0.wp.com\/suedbayern.humanistische-union.de\/wp-content\/uploads\/sites\/4\/2022\/05\/kaktus.jpg?ssl=1&w=100&resize=100&ssl=1 100w, https:\/\/i0.wp.com\/suedbayern.humanistische-union.de\/wp-content\/uploads\/sites\/4\/2022\/05\/kaktus.jpg?ssl=1&w=150&resize=150&ssl=1 150w, https:\/\/i0.wp.com\/suedbayern.humanistische-union.de\/wp-content\/uploads\/sites\/4\/2022\/05\/kaktus.jpg?ssl=1&w=240&resize=240&ssl=1 240w, https:\/\/i0.wp.com\/suedbayern.humanistische-union.de\/wp-content\/uploads\/sites\/4\/2022\/05\/kaktus.jpg?ssl=1&w=320&resize=320&ssl=1 320w, https:\/\/i0.wp.com\/suedbayern.humanistische-union.de\/wp-content\/uploads\/sites\/4\/2022\/05\/kaktus.jpg?ssl=1&w=500&resize=500&ssl=1 500w, https:\/\/i0.wp.com\/suedbayern.humanistische-union.de\/wp-content\/uploads\/sites\/4\/2022\/05\/kaktus.jpg?ssl=1&w=640&resize=640&ssl=1 640w, https:\/\/i0.wp.com\/suedbayern.humanistische-union.de\/wp-content\/uploads\/sites\/4\/2022\/05\/kaktus.jpg?ssl=1&w=800&resize=800&ssl=1 800w, https:\/\/i0.wp.com\/suedbayern.humanistische-union.de\/wp-content\/uploads\/sites\/4\/2022\/05\/kaktus.jpg?ssl=1&w=1024&resize=1024&ssl=1 1024w, https:\/\/i0.wp.com\/suedbayern.humanistische-union.de\/wp-content\/uploads\/sites\/4\/2022\/05\/kaktus.jpg?ssl=1&w=1280&resize=1280&ssl=1 1280w, https:\/\/i0.wp.com\/suedbayern.humanistische-union.de\/wp-content\/uploads\/sites\/4\/2022\/05\/kaktus.jpg?ssl=1&w=1600&resize=1600&ssl=1 1600w\" fifu-data-src=\"https:\/\/i0.wp.com\/suedbayern.humanistische-union.de\/wp-content\/uploads\/sites\/4\/2022\/05\/kaktus.jpg?ssl=1\" class=\"attachment-post-thumbnail size-post-thumbnail wp-post-image\" alt=\"Preisverleihung \u201eAufrechter Gang\u201c an Wolfram P. Kastner\" title=\"Preisverleihung \u201eAufrechter Gang\u201c an Wolfram P. Kastner\" srcset=\"https:\/\/i0.wp.com\/suedbayern.humanistische-union.de\/wp-content\/uploads\/sites\/4\/2022\/05\/kaktus.jpg?ssl=1 691w, https:\/\/suedbayern.humanistische-union.de\/wp-content\/uploads\/sites\/4\/2022\/05\/kaktus-388x450.jpg 388w, https:\/\/suedbayern.humanistische-union.de\/wp-content\/uploads\/sites\/4\/2022\/05\/kaktus-646x750.jpg 646w, https:\/\/suedbayern.humanistische-union.de\/wp-content\/uploads\/sites\/4\/2022\/05\/kaktus-517x600.jpg 517w, https:\/\/suedbayern.humanistische-union.de\/wp-content\/uploads\/sites\/4\/2022\/05\/kaktus-290x337.jpg 290w\" sizes=\"(max-width: 691px) 100vw, 691px\" \/><\/div>\n<h3 class=\"\">Das Programm<\/h3>\n<p>&nbsp;<\/p>\n<p>&nbsp;<\/p>\n<h5 class=\"\">Begr&uuml;&szlig;ung<\/h5>\n<p class=\"\">Dr. Christa Scholtissek, Humanistische Union<\/p>\n<h5 class=\"\">Laudatio<\/h5>\n<p class=\"\">Prof. Dr. Winfried Nerdinger, Direktor der Abteilung Bildende Kunst der bayer. Akademie der sch\u00f6nen K\u00fcnste sowie Gr\u00fcndungsdirektor des NS-Dokumentationszentrums M\u00fcnchen<\/p>\n<h5 class=\"\">&Uuml;bergabe des Preises<\/h5>\n<p class=\"\">Rede des Preistr\u00e4gers Wolfram P. Kastner<\/p>\n<h5 class=\"\">Musika&shy;li&shy;sche Begleitung<\/h5>\n<p class=\"\">Ernst Kreuzmair<\/p>\n<h5 class=\"\">Stehempfang<\/h5>\n<h4><\/h4>\n<p>&nbsp;<\/p>\n<p>&nbsp;<\/p>\n<h3 class=\"\">Der Preistr&auml;ger<\/h3>\n<p class=\"\">Wolfram P. Kastner macht Kunst, die st\u00f6rt und sich einmischt; Kunst, die sichtbar macht, was sonst nicht zu sehen ist. Seine Kunst provoziert Nachdenken und Diskussion, nicht selten auch Widerspruch, Verbote und Strafanzeigen. Solche Kunst eignet sich nicht zur dekorativen Besch\u00f6nigung von R\u00fcstungs- und Automobilkonzernen oder Bankfoyers.<\/p>\n<p>Gleich bedeutend neben seinen Interventionen und Aktionen in der \u00d6ffentlichkeit zu politischen Themen wie Gewalt, Ausgrenzung,<br \/>\nReflektion der NS-Geschichte und Militarisierung, gibt es Installationen, Objekte und humorvolle, bissige, mitunter auch sch\u00f6ne Bilder, S\u00e4ulen- und Schilderfotos, KulturBeutel, NotfallUhren, Zeit, Aktien, Ruhekissen, Heiligen Stuhl, Filme u.a.<\/p>\n<p>&nbsp;<\/p>\n<h4 class=\"\">Unterst&uuml;tzung<\/h4>\n<p>Wir w\u00e4ren Ihnen sehr dankbar, wenn Sie uns mit einer Spende helfen w\u00fcrden, die Kosten der Veranstaltung zu decken.<br \/>\nUnser Konto: HUMANISTISCHE UNION,\u00a0\u00a0IBAN: DE31 7001 0080 0178 8558 00, BIC: PBNKDEFF<br \/>\nSpenden\u00a0an\u00a0die\u00a0HU\u00a0k\u00f6nnen\u00a0von\u00a0der\u00a0Steuer\u00a0abgezogen\u00a0werden.<\/p>\n","protected":false},"featured_media":1700,"template":"","categories":[],"tags":[],"autoren":[],"class_list":["post-1699","termin","type-termin","status-publish","has-post-thumbnail","hentry"],"acf":[],"yoast_head":"<!-- This site is optimized with the Yoast SEO plugin v28.4 - https:\/\/yoast.com\/product\/yoast-seo-wordpress\/ -->\n<title>Preisverleihung &quot;Aufrechter Gang&quot; an Wolfram P. Kastner - HU Bayern<\/title>\n<meta name=\"robots\" content=\"index, follow, max-snippet:-1, max-image-preview:large, max-video-preview:-1\" \/>\n<link rel=\"canonical\" href=\"https:\/\/suedbayern.humanistische-union.de\/veranstaltungen\/2022\/preisverleihung-aufrechter-gang-an-wolfram-p-kastner\/\" \/>\n<meta property=\"og:locale\" content=\"de_DE\" \/>\n<meta property=\"og:type\" content=\"article\" \/>\n<meta property=\"og:title\" content=\"Preisverleihung &quot;Aufrechter Gang&quot; an Wolfram P. Kastner - HU Bayern\" \/>\n<meta property=\"og:description\" content=\"Das Programm &nbsp; &nbsp; Begr&uuml;&szlig;ung Dr. Christa Scholtissek, Humanistische Union Laudatio Prof. Dr. Winfried Nerdinger, Direktor der Abteilung Bildende Kunst der bayer. Akademie der sch\u00f6nen K\u00fcnste sowie Gr\u00fcndungsdirektor des NS-Dokumentationszentrums M\u00fcnchen &Uuml;bergabe des Preises Rede des Preistr\u00e4gers Wolfram P. Kastner Musika&shy;li&shy;sche Begleitung Ernst Kreuzmair Stehempfang &nbsp; &nbsp; Der Preistr&auml;ger Wolfram P. Kastner macht Kunst, die [weiterlesen]\" \/>\n<meta property=\"og:url\" content=\"https:\/\/suedbayern.humanistische-union.de\/veranstaltungen\/2022\/preisverleihung-aufrechter-gang-an-wolfram-p-kastner\/\" \/>\n<meta property=\"og:site_name\" content=\"HU Bayern\" \/>\n<meta property=\"article:modified_time\" content=\"2022-05-17T20:55:19+00:00\" \/>\n<meta property=\"og:image\" content=\"http:\/\/suedbayern.humanistische-union.de\/wp-content\/uploads\/sites\/4\/2022\/05\/kaktus.jpg\" \/>\n\t<meta property=\"og:image:width\" content=\"691\" \/>\n\t<meta property=\"og:image:height\" content=\"802\" \/>\n\t<meta property=\"og:image:type\" content=\"image\/jpeg\" \/>\n<meta name=\"twitter:card\" content=\"summary_large_image\" \/>\n<meta name=\"twitter:label1\" content=\"Gesch\u00e4tzte Lesezeit\" \/>\n\t<meta name=\"twitter:data1\" content=\"1\u00a0Minute\" \/>\n<script type=\"application\/ld+json\" class=\"yoast-schema-graph\">{\"@context\":\"https:\\\/\\\/schema.org\",\"@graph\":[{\"@type\":\"WebPage\",\"@id\":\"https:\\\/\\\/suedbayern.humanistische-union.de\\\/veranstaltungen\\\/2022\\\/preisverleihung-aufrechter-gang-an-wolfram-p-kastner\\\/\",\"url\":\"https:\\\/\\\/suedbayern.humanistische-union.de\\\/veranstaltungen\\\/2022\\\/preisverleihung-aufrechter-gang-an-wolfram-p-kastner\\\/\",\"name\":\"Preisverleihung \\\"Aufrechter Gang\\\" an Wolfram P. Kastner - HU Bayern\",\"isPartOf\":{\"@id\":\"https:\\\/\\\/suedbayern.humanistische-union.de\\\/#website\"},\"primaryImageOfPage\":{\"@id\":\"https:\\\/\\\/suedbayern.humanistische-union.de\\\/veranstaltungen\\\/2022\\\/preisverleihung-aufrechter-gang-an-wolfram-p-kastner\\\/#primaryimage\"},\"image\":{\"@id\":\"https:\\\/\\\/suedbayern.humanistische-union.de\\\/veranstaltungen\\\/2022\\\/preisverleihung-aufrechter-gang-an-wolfram-p-kastner\\\/#primaryimage\"},\"thumbnailUrl\":\"https:\\\/\\\/suedbayern.humanistische-union.de\\\/wp-content\\\/uploads\\\/sites\\\/4\\\/2022\\\/05\\\/kaktus.jpg\",\"datePublished\":\"2022-05-17T14:48:07+00:00\",\"dateModified\":\"2022-05-17T20:55:19+00:00\",\"breadcrumb\":{\"@id\":\"https:\\\/\\\/suedbayern.humanistische-union.de\\\/veranstaltungen\\\/2022\\\/preisverleihung-aufrechter-gang-an-wolfram-p-kastner\\\/#breadcrumb\"},\"inLanguage\":\"de\",\"potentialAction\":[{\"@type\":\"ReadAction\",\"target\":[\"https:\\\/\\\/suedbayern.humanistische-union.de\\\/veranstaltungen\\\/2022\\\/preisverleihung-aufrechter-gang-an-wolfram-p-kastner\\\/\"]}]},{\"@type\":\"ImageObject\",\"inLanguage\":\"de\",\"@id\":\"https:\\\/\\\/suedbayern.humanistische-union.de\\\/veranstaltungen\\\/2022\\\/preisverleihung-aufrechter-gang-an-wolfram-p-kastner\\\/#primaryimage\",\"url\":\"https:\\\/\\\/suedbayern.humanistische-union.de\\\/wp-content\\\/uploads\\\/sites\\\/4\\\/2022\\\/05\\\/kaktus.jpg\",\"contentUrl\":\"https:\\\/\\\/suedbayern.humanistische-union.de\\\/wp-content\\\/uploads\\\/sites\\\/4\\\/2022\\\/05\\\/kaktus.jpg\",\"width\":691,\"height\":802},{\"@type\":\"BreadcrumbList\",\"@id\":\"https:\\\/\\\/suedbayern.humanistische-union.de\\\/veranstaltungen\\\/2022\\\/preisverleihung-aufrechter-gang-an-wolfram-p-kastner\\\/#breadcrumb\",\"itemListElement\":[{\"@type\":\"ListItem\",\"position\":1,\"name\":\"Startseite\",\"item\":\"https:\\\/\\\/suedbayern.humanistische-union.de\\\/\"},{\"@type\":\"ListItem\",\"position\":2,\"name\":\"Termine\",\"item\":\"https:\\\/\\\/suedbayern.humanistische-union.de\\\/termine\\\/%year%\\\/\"},{\"@type\":\"ListItem\",\"position\":3,\"name\":\"Preisverleihung &#8222;Aufrechter Gang&#8220; an Wolfram P. Kastner\"}]},{\"@type\":\"WebSite\",\"@id\":\"https:\\\/\\\/suedbayern.humanistische-union.de\\\/#website\",\"url\":\"https:\\\/\\\/suedbayern.humanistische-union.de\\\/\",\"name\":\"HU Bayern\",\"description\":\"Eine weitere HU Network Website\",\"potentialAction\":[{\"@type\":\"SearchAction\",\"target\":{\"@type\":\"EntryPoint\",\"urlTemplate\":\"https:\\\/\\\/suedbayern.humanistische-union.de\\\/?s={search_term_string}\"},\"query-input\":{\"@type\":\"PropertyValueSpecification\",\"valueRequired\":true,\"valueName\":\"search_term_string\"}}],\"inLanguage\":\"de\"}]}<\/script>\n<!-- \/ Yoast SEO plugin. -->","yoast_head_json":{"title":"Preisverleihung \"Aufrechter Gang\" an Wolfram P. Kastner - HU Bayern","robots":{"index":"index","follow":"follow","max-snippet":"max-snippet:-1","max-image-preview":"max-image-preview:large","max-video-preview":"max-video-preview:-1"},"canonical":"https:\/\/suedbayern.humanistische-union.de\/veranstaltungen\/2022\/preisverleihung-aufrechter-gang-an-wolfram-p-kastner\/","og_locale":"de_DE","og_type":"article","og_title":"Preisverleihung \"Aufrechter Gang\" an Wolfram P. Kastner - HU Bayern","og_description":"Das Programm &nbsp; &nbsp; Begr&uuml;&szlig;ung Dr. Christa Scholtissek, Humanistische Union Laudatio Prof. Dr. Winfried Nerdinger, Direktor der Abteilung Bildende Kunst der bayer. Akademie der sch\u00f6nen K\u00fcnste sowie Gr\u00fcndungsdirektor des NS-Dokumentationszentrums M\u00fcnchen &Uuml;bergabe des Preises Rede des Preistr\u00e4gers Wolfram P. Kastner Musika&shy;li&shy;sche Begleitung Ernst Kreuzmair Stehempfang &nbsp; &nbsp; Der Preistr&auml;ger Wolfram P. Kastner macht Kunst, die [weiterlesen]","og_url":"https:\/\/suedbayern.humanistische-union.de\/veranstaltungen\/2022\/preisverleihung-aufrechter-gang-an-wolfram-p-kastner\/","og_site_name":"HU Bayern","article_modified_time":"2022-05-17T20:55:19+00:00","og_image":[{"width":691,"height":802,"url":"http:\/\/suedbayern.humanistische-union.de\/wp-content\/uploads\/sites\/4\/2022\/05\/kaktus.jpg","type":"image\/jpeg"}],"twitter_card":"summary_large_image","twitter_misc":{"Gesch\u00e4tzte Lesezeit":"1\u00a0Minute"},"schema":{"@context":"https:\/\/schema.org","@graph":[{"@type":"WebPage","@id":"https:\/\/suedbayern.humanistische-union.de\/veranstaltungen\/2022\/preisverleihung-aufrechter-gang-an-wolfram-p-kastner\/","url":"https:\/\/suedbayern.humanistische-union.de\/veranstaltungen\/2022\/preisverleihung-aufrechter-gang-an-wolfram-p-kastner\/","name":"Preisverleihung \"Aufrechter Gang\" an Wolfram P. Kastner - HU Bayern","isPartOf":{"@id":"https:\/\/suedbayern.humanistische-union.de\/#website"},"primaryImageOfPage":{"@id":"https:\/\/suedbayern.humanistische-union.de\/veranstaltungen\/2022\/preisverleihung-aufrechter-gang-an-wolfram-p-kastner\/#primaryimage"},"image":{"@id":"https:\/\/suedbayern.humanistische-union.de\/veranstaltungen\/2022\/preisverleihung-aufrechter-gang-an-wolfram-p-kastner\/#primaryimage"},"thumbnailUrl":"https:\/\/suedbayern.humanistische-union.de\/wp-content\/uploads\/sites\/4\/2022\/05\/kaktus.jpg","datePublished":"2022-05-17T14:48:07+00:00","dateModified":"2022-05-17T20:55:19+00:00","breadcrumb":{"@id":"https:\/\/suedbayern.humanistische-union.de\/veranstaltungen\/2022\/preisverleihung-aufrechter-gang-an-wolfram-p-kastner\/#breadcrumb"},"inLanguage":"de","potentialAction":[{"@type":"ReadAction","target":["https:\/\/suedbayern.humanistische-union.de\/veranstaltungen\/2022\/preisverleihung-aufrechter-gang-an-wolfram-p-kastner\/"]}]},{"@type":"ImageObject","inLanguage":"de","@id":"https:\/\/suedbayern.humanistische-union.de\/veranstaltungen\/2022\/preisverleihung-aufrechter-gang-an-wolfram-p-kastner\/#primaryimage","url":"https:\/\/suedbayern.humanistische-union.de\/wp-content\/uploads\/sites\/4\/2022\/05\/kaktus.jpg","contentUrl":"https:\/\/suedbayern.humanistische-union.de\/wp-content\/uploads\/sites\/4\/2022\/05\/kaktus.jpg","width":691,"height":802},{"@type":"BreadcrumbList","@id":"https:\/\/suedbayern.humanistische-union.de\/veranstaltungen\/2022\/preisverleihung-aufrechter-gang-an-wolfram-p-kastner\/#breadcrumb","itemListElement":[{"@type":"ListItem","position":1,"name":"Startseite","item":"https:\/\/suedbayern.humanistische-union.de\/"},{"@type":"ListItem","position":2,"name":"Termine","item":"https:\/\/suedbayern.humanistische-union.de\/termine\/%year%\/"},{"@type":"ListItem","position":3,"name":"Preisverleihung &#8222;Aufrechter Gang&#8220; an Wolfram P. Kastner"}]},{"@type":"WebSite","@id":"https:\/\/suedbayern.humanistische-union.de\/#website","url":"https:\/\/suedbayern.humanistische-union.de\/","name":"HU Bayern","description":"Eine weitere HU Network Website","potentialAction":[{"@type":"SearchAction","target":{"@type":"EntryPoint","urlTemplate":"https:\/\/suedbayern.humanistische-union.de\/?s={search_term_string}"},"query-input":{"@type":"PropertyValueSpecification","valueRequired":true,"valueName":"search_term_string"}}],"inLanguage":"de"}]}},"_links":{"self":[{"href":"https:\/\/suedbayern.humanistische-union.de\/hu-json\/wp\/v2\/termin\/1699","targetHints":{"allow":["GET"]}}],"collection":[{"href":"https:\/\/suedbayern.humanistische-union.de\/hu-json\/wp\/v2\/termin"}],"about":[{"href":"https:\/\/suedbayern.humanistische-union.de\/hu-json\/wp\/v2\/types\/termin"}],"wp:featuredmedia":[{"embeddable":true,"href":"https:\/\/suedbayern.humanistische-union.de\/hu-json\/wp\/v2\/media\/1700"}],"wp:attachment":[{"href":"https:\/\/suedbayern.humanistische-union.de\/hu-json\/wp\/v2\/media?parent=1699"}],"wp:term":[{"taxonomy":"category","embeddable":true,"href":"https:\/\/suedbayern.humanistische-union.de\/hu-json\/wp\/v2\/categories?post=1699"},{"taxonomy":"post_tag","embeddable":true,"href":"https:\/\/suedbayern.humanistische-union.de\/hu-json\/wp\/v2\/tags?post=1699"},{"taxonomy":"autoren","embeddable":true,"href":"https:\/\/suedbayern.humanistische-union.de\/hu-json\/wp\/v2\/autoren?post=1699"}],"curies":[{"name":"wp","href":"https:\/\/api.w.org\/{rel}","templated":true}]}}