{"id":1702,"date":"2022-05-17T17:43:12","date_gmt":"2022-05-17T15:43:12","guid":{"rendered":"https:\/\/suedbayern.humanistische-union.de\/?post_type=termin&#038;p=1702"},"modified":"2022-05-17T17:49:07","modified_gmt":"2022-05-17T15:49:07","slug":"gedenkveranstaltung-fuer-reiner-bernstein","status":"publish","type":"termin","link":"https:\/\/suedbayern.humanistische-union.de\/veranstaltungen\/2022\/gedenkveranstaltung-fuer-reiner-bernstein\/","title":{"rendered":"Gedenkveranstaltung f\u00fcr Reiner Bernstein (1939 \u2013 2021)"},"content":{"rendered":"<div style=\"text-align:center\"><img decoding=\"async\" src=\"data:image\/gif;base64,R0lGODlhAQABAIAAAAAAAP\/\/\/ywAAAAAAQABAAACAUwAOw==\" fifu-lazy=\"1\" fifu-data-sizes=\"auto\" fifu-data-srcset=\"https:\/\/i0.wp.com\/suedbayern.humanistische-union.de\/wp-content\/uploads\/sites\/4\/2022\/05\/Reiner-Bernstein.jpg?ssl=1&w=75&resize=75&ssl=1 75w, https:\/\/i0.wp.com\/suedbayern.humanistische-union.de\/wp-content\/uploads\/sites\/4\/2022\/05\/Reiner-Bernstein.jpg?ssl=1&w=100&resize=100&ssl=1 100w, https:\/\/i0.wp.com\/suedbayern.humanistische-union.de\/wp-content\/uploads\/sites\/4\/2022\/05\/Reiner-Bernstein.jpg?ssl=1&w=150&resize=150&ssl=1 150w, https:\/\/i0.wp.com\/suedbayern.humanistische-union.de\/wp-content\/uploads\/sites\/4\/2022\/05\/Reiner-Bernstein.jpg?ssl=1&w=240&resize=240&ssl=1 240w, https:\/\/i0.wp.com\/suedbayern.humanistische-union.de\/wp-content\/uploads\/sites\/4\/2022\/05\/Reiner-Bernstein.jpg?ssl=1&w=320&resize=320&ssl=1 320w, https:\/\/i0.wp.com\/suedbayern.humanistische-union.de\/wp-content\/uploads\/sites\/4\/2022\/05\/Reiner-Bernstein.jpg?ssl=1&w=500&resize=500&ssl=1 500w, https:\/\/i0.wp.com\/suedbayern.humanistische-union.de\/wp-content\/uploads\/sites\/4\/2022\/05\/Reiner-Bernstein.jpg?ssl=1&w=640&resize=640&ssl=1 640w, https:\/\/i0.wp.com\/suedbayern.humanistische-union.de\/wp-content\/uploads\/sites\/4\/2022\/05\/Reiner-Bernstein.jpg?ssl=1&w=800&resize=800&ssl=1 800w, https:\/\/i0.wp.com\/suedbayern.humanistische-union.de\/wp-content\/uploads\/sites\/4\/2022\/05\/Reiner-Bernstein.jpg?ssl=1&w=1024&resize=1024&ssl=1 1024w, https:\/\/i0.wp.com\/suedbayern.humanistische-union.de\/wp-content\/uploads\/sites\/4\/2022\/05\/Reiner-Bernstein.jpg?ssl=1&w=1280&resize=1280&ssl=1 1280w, https:\/\/i0.wp.com\/suedbayern.humanistische-union.de\/wp-content\/uploads\/sites\/4\/2022\/05\/Reiner-Bernstein.jpg?ssl=1&w=1600&resize=1600&ssl=1 1600w\" fifu-data-src=\"https:\/\/i0.wp.com\/suedbayern.humanistische-union.de\/wp-content\/uploads\/sites\/4\/2022\/05\/Reiner-Bernstein.jpg?ssl=1\" class=\"attachment-post-thumbnail size-post-thumbnail wp-post-image\" alt=\"Gedenkveranstaltung f\u00fcr Reiner Bernstein (1939 \u2013 2021)\" title=\"Gedenkveranstaltung f\u00fcr Reiner Bernstein (1939 \u2013 2021)\" srcset=\"https:\/\/i0.wp.com\/suedbayern.humanistische-union.de\/wp-content\/uploads\/sites\/4\/2022\/05\/Reiner-Bernstein.jpg?ssl=1 1702w, https:\/\/suedbayern.humanistische-union.de\/wp-content\/uploads\/sites\/4\/2022\/05\/Reiner-Bernstein-600x323.jpg 600w, https:\/\/suedbayern.humanistische-union.de\/wp-content\/uploads\/sites\/4\/2022\/05\/Reiner-Bernstein-1000x538.jpg 1000w, https:\/\/suedbayern.humanistische-union.de\/wp-content\/uploads\/sites\/4\/2022\/05\/Reiner-Bernstein-768x413.jpg 768w, https:\/\/suedbayern.humanistische-union.de\/wp-content\/uploads\/sites\/4\/2022\/05\/Reiner-Bernstein-1536x826.jpg 1536w, https:\/\/suedbayern.humanistische-union.de\/wp-content\/uploads\/sites\/4\/2022\/05\/Reiner-Bernstein-800x430.jpg 800w, https:\/\/suedbayern.humanistische-union.de\/wp-content\/uploads\/sites\/4\/2022\/05\/Reiner-Bernstein-450x242.jpg 450w\" sizes=\"(max-width: 1702px) 100vw, 1702px\" \/><\/div>\n<h3><\/h3>\n<h3><\/h3>\n<h3 class=\"\">Programm:<\/h3>\n<p class=\"\">Moshe Zuckermann \u201eVon Humanismus, Politik und Solidarit\u00e4t \u2013 Reiner Bernstein zum Andenken&#8220;<\/p>\n<p class=\"\">Texte von Reiner Bernstein gelesen von J\u00fcrgen Jung<\/p>\n<p class=\"\">Michael Leslie am Klavier Chopin &#8211; Polonaise-Fantasie Opus 61<\/p>\n<p class=\"\">Lobna Shammout \u201eAch, Du bist Pal\u00e4stinenserin&#8230;?&#8220; &#8211; ein Vortrag \u00fcber antipal\u00e4stinensischen Rassismus<\/p>\n<p class=\"\">Andrej Bockelmann Film \u201eWildwest in Westjordanien&#8220;<\/p>\n<p class=\"\">Michael Leslie Brahms &#8211; Intermezzo es-Moll Opus 118\/6<\/p>\n<h5 class=\"\">Pause<\/h5>\n<p class=\"\">J\u00fcrgen Jung &#8222;Rede an die Menschheit&#8220; (1944) von Charlie Chaplin<br \/>\nMichael Leslie &#8222;We shall overcome&#8220;<\/p>\n<p>&nbsp;<\/p>\n<p>Vorherige schriftliche Anmeldung unter: <a href=\"mailto:shelly.steinberg@googlemail.com\">shelly.steinberg@googlemail.co<br \/>\n<\/a><\/p>\n","protected":false},"featured_media":1703,"template":"","categories":[],"tags":[],"autoren":[],"class_list":["post-1702","termin","type-termin","status-publish","has-post-thumbnail","hentry"],"acf":[],"yoast_head":"<!-- This site is optimized with the Yoast SEO plugin v28.4 - https:\/\/yoast.com\/product\/yoast-seo-wordpress\/ -->\n<title>Gedenkveranstaltung f\u00fcr Reiner Bernstein (1939 \u2013 2021) - HU Bayern<\/title>\n<meta name=\"robots\" content=\"index, follow, max-snippet:-1, max-image-preview:large, max-video-preview:-1\" \/>\n<link rel=\"canonical\" href=\"https:\/\/suedbayern.humanistische-union.de\/veranstaltungen\/2022\/gedenkveranstaltung-fuer-reiner-bernstein\/\" \/>\n<meta property=\"og:locale\" content=\"de_DE\" \/>\n<meta property=\"og:type\" content=\"article\" \/>\n<meta property=\"og:title\" content=\"Gedenkveranstaltung f\u00fcr Reiner Bernstein (1939 \u2013 2021) - HU Bayern\" \/>\n<meta property=\"og:description\" content=\"Programm: Moshe Zuckermann \u201eVon Humanismus, Politik und Solidarit\u00e4t \u2013 Reiner Bernstein zum Andenken&#8220; Texte von Reiner Bernstein gelesen von J\u00fcrgen Jung Michael Leslie am Klavier Chopin &#8211; Polonaise-Fantasie Opus 61 Lobna Shammout \u201eAch, Du bist Pal\u00e4stinenserin&#8230;?&#8220; &#8211; ein Vortrag \u00fcber antipal\u00e4stinensischen Rassismus Andrej Bockelmann Film \u201eWildwest in Westjordanien&#8220; Michael Leslie Brahms &#8211; Intermezzo es-Moll Opus [weiterlesen]\" \/>\n<meta property=\"og:url\" content=\"https:\/\/suedbayern.humanistische-union.de\/veranstaltungen\/2022\/gedenkveranstaltung-fuer-reiner-bernstein\/\" \/>\n<meta property=\"og:site_name\" content=\"HU Bayern\" \/>\n<meta property=\"article:modified_time\" content=\"2022-05-17T15:49:07+00:00\" \/>\n<meta property=\"og:image\" content=\"http:\/\/suedbayern.humanistische-union.de\/wp-content\/uploads\/sites\/4\/2022\/05\/Reiner-Bernstein.jpg\" \/>\n\t<meta property=\"og:image:width\" content=\"1702\" \/>\n\t<meta property=\"og:image:height\" content=\"915\" \/>\n\t<meta property=\"og:image:type\" content=\"image\/jpeg\" \/>\n<meta name=\"twitter:card\" content=\"summary_large_image\" \/>\n<script type=\"application\/ld+json\" class=\"yoast-schema-graph\">{\"@context\":\"https:\\\/\\\/schema.org\",\"@graph\":[{\"@type\":\"WebPage\",\"@id\":\"https:\\\/\\\/suedbayern.humanistische-union.de\\\/veranstaltungen\\\/2022\\\/gedenkveranstaltung-fuer-reiner-bernstein\\\/\",\"url\":\"https:\\\/\\\/suedbayern.humanistische-union.de\\\/veranstaltungen\\\/2022\\\/gedenkveranstaltung-fuer-reiner-bernstein\\\/\",\"name\":\"Gedenkveranstaltung f\u00fcr Reiner Bernstein (1939 \u2013 2021) - HU Bayern\",\"isPartOf\":{\"@id\":\"https:\\\/\\\/suedbayern.humanistische-union.de\\\/#website\"},\"primaryImageOfPage\":{\"@id\":\"https:\\\/\\\/suedbayern.humanistische-union.de\\\/veranstaltungen\\\/2022\\\/gedenkveranstaltung-fuer-reiner-bernstein\\\/#primaryimage\"},\"image\":{\"@id\":\"https:\\\/\\\/suedbayern.humanistische-union.de\\\/veranstaltungen\\\/2022\\\/gedenkveranstaltung-fuer-reiner-bernstein\\\/#primaryimage\"},\"thumbnailUrl\":\"https:\\\/\\\/suedbayern.humanistische-union.de\\\/wp-content\\\/uploads\\\/sites\\\/4\\\/2022\\\/05\\\/Reiner-Bernstein.jpg\",\"datePublished\":\"2022-05-17T15:43:12+00:00\",\"dateModified\":\"2022-05-17T15:49:07+00:00\",\"breadcrumb\":{\"@id\":\"https:\\\/\\\/suedbayern.humanistische-union.de\\\/veranstaltungen\\\/2022\\\/gedenkveranstaltung-fuer-reiner-bernstein\\\/#breadcrumb\"},\"inLanguage\":\"de\",\"potentialAction\":[{\"@type\":\"ReadAction\",\"target\":[\"https:\\\/\\\/suedbayern.humanistische-union.de\\\/veranstaltungen\\\/2022\\\/gedenkveranstaltung-fuer-reiner-bernstein\\\/\"]}]},{\"@type\":\"ImageObject\",\"inLanguage\":\"de\",\"@id\":\"https:\\\/\\\/suedbayern.humanistische-union.de\\\/veranstaltungen\\\/2022\\\/gedenkveranstaltung-fuer-reiner-bernstein\\\/#primaryimage\",\"url\":\"https:\\\/\\\/suedbayern.humanistische-union.de\\\/wp-content\\\/uploads\\\/sites\\\/4\\\/2022\\\/05\\\/Reiner-Bernstein.jpg\",\"contentUrl\":\"https:\\\/\\\/suedbayern.humanistische-union.de\\\/wp-content\\\/uploads\\\/sites\\\/4\\\/2022\\\/05\\\/Reiner-Bernstein.jpg\",\"width\":1702,\"height\":915},{\"@type\":\"BreadcrumbList\",\"@id\":\"https:\\\/\\\/suedbayern.humanistische-union.de\\\/veranstaltungen\\\/2022\\\/gedenkveranstaltung-fuer-reiner-bernstein\\\/#breadcrumb\",\"itemListElement\":[{\"@type\":\"ListItem\",\"position\":1,\"name\":\"Startseite\",\"item\":\"https:\\\/\\\/suedbayern.humanistische-union.de\\\/\"},{\"@type\":\"ListItem\",\"position\":2,\"name\":\"Termine\",\"item\":\"https:\\\/\\\/suedbayern.humanistische-union.de\\\/termine\\\/%year%\\\/\"},{\"@type\":\"ListItem\",\"position\":3,\"name\":\"Gedenkveranstaltung f\u00fcr Reiner Bernstein (1939 \u2013 2021)\"}]},{\"@type\":\"WebSite\",\"@id\":\"https:\\\/\\\/suedbayern.humanistische-union.de\\\/#website\",\"url\":\"https:\\\/\\\/suedbayern.humanistische-union.de\\\/\",\"name\":\"HU Bayern\",\"description\":\"Eine weitere HU Network Website\",\"potentialAction\":[{\"@type\":\"SearchAction\",\"target\":{\"@type\":\"EntryPoint\",\"urlTemplate\":\"https:\\\/\\\/suedbayern.humanistische-union.de\\\/?s={search_term_string}\"},\"query-input\":{\"@type\":\"PropertyValueSpecification\",\"valueRequired\":true,\"valueName\":\"search_term_string\"}}],\"inLanguage\":\"de\"}]}<\/script>\n<!-- \/ Yoast SEO plugin. -->","yoast_head_json":{"title":"Gedenkveranstaltung f\u00fcr Reiner Bernstein (1939 \u2013 2021) - HU Bayern","robots":{"index":"index","follow":"follow","max-snippet":"max-snippet:-1","max-image-preview":"max-image-preview:large","max-video-preview":"max-video-preview:-1"},"canonical":"https:\/\/suedbayern.humanistische-union.de\/veranstaltungen\/2022\/gedenkveranstaltung-fuer-reiner-bernstein\/","og_locale":"de_DE","og_type":"article","og_title":"Gedenkveranstaltung f\u00fcr Reiner Bernstein (1939 \u2013 2021) - HU Bayern","og_description":"Programm: Moshe Zuckermann \u201eVon Humanismus, Politik und Solidarit\u00e4t \u2013 Reiner Bernstein zum Andenken&#8220; Texte von Reiner Bernstein gelesen von J\u00fcrgen Jung Michael Leslie am Klavier Chopin &#8211; Polonaise-Fantasie Opus 61 Lobna Shammout \u201eAch, Du bist Pal\u00e4stinenserin&#8230;?&#8220; &#8211; ein Vortrag \u00fcber antipal\u00e4stinensischen Rassismus Andrej Bockelmann Film \u201eWildwest in Westjordanien&#8220; Michael Leslie Brahms &#8211; Intermezzo es-Moll Opus [weiterlesen]","og_url":"https:\/\/suedbayern.humanistische-union.de\/veranstaltungen\/2022\/gedenkveranstaltung-fuer-reiner-bernstein\/","og_site_name":"HU Bayern","article_modified_time":"2022-05-17T15:49:07+00:00","og_image":[{"width":1702,"height":915,"url":"http:\/\/suedbayern.humanistische-union.de\/wp-content\/uploads\/sites\/4\/2022\/05\/Reiner-Bernstein.jpg","type":"image\/jpeg"}],"twitter_card":"summary_large_image","schema":{"@context":"https:\/\/schema.org","@graph":[{"@type":"WebPage","@id":"https:\/\/suedbayern.humanistische-union.de\/veranstaltungen\/2022\/gedenkveranstaltung-fuer-reiner-bernstein\/","url":"https:\/\/suedbayern.humanistische-union.de\/veranstaltungen\/2022\/gedenkveranstaltung-fuer-reiner-bernstein\/","name":"Gedenkveranstaltung f\u00fcr Reiner Bernstein (1939 \u2013 2021) - HU Bayern","isPartOf":{"@id":"https:\/\/suedbayern.humanistische-union.de\/#website"},"primaryImageOfPage":{"@id":"https:\/\/suedbayern.humanistische-union.de\/veranstaltungen\/2022\/gedenkveranstaltung-fuer-reiner-bernstein\/#primaryimage"},"image":{"@id":"https:\/\/suedbayern.humanistische-union.de\/veranstaltungen\/2022\/gedenkveranstaltung-fuer-reiner-bernstein\/#primaryimage"},"thumbnailUrl":"https:\/\/suedbayern.humanistische-union.de\/wp-content\/uploads\/sites\/4\/2022\/05\/Reiner-Bernstein.jpg","datePublished":"2022-05-17T15:43:12+00:00","dateModified":"2022-05-17T15:49:07+00:00","breadcrumb":{"@id":"https:\/\/suedbayern.humanistische-union.de\/veranstaltungen\/2022\/gedenkveranstaltung-fuer-reiner-bernstein\/#breadcrumb"},"inLanguage":"de","potentialAction":[{"@type":"ReadAction","target":["https:\/\/suedbayern.humanistische-union.de\/veranstaltungen\/2022\/gedenkveranstaltung-fuer-reiner-bernstein\/"]}]},{"@type":"ImageObject","inLanguage":"de","@id":"https:\/\/suedbayern.humanistische-union.de\/veranstaltungen\/2022\/gedenkveranstaltung-fuer-reiner-bernstein\/#primaryimage","url":"https:\/\/suedbayern.humanistische-union.de\/wp-content\/uploads\/sites\/4\/2022\/05\/Reiner-Bernstein.jpg","contentUrl":"https:\/\/suedbayern.humanistische-union.de\/wp-content\/uploads\/sites\/4\/2022\/05\/Reiner-Bernstein.jpg","width":1702,"height":915},{"@type":"BreadcrumbList","@id":"https:\/\/suedbayern.humanistische-union.de\/veranstaltungen\/2022\/gedenkveranstaltung-fuer-reiner-bernstein\/#breadcrumb","itemListElement":[{"@type":"ListItem","position":1,"name":"Startseite","item":"https:\/\/suedbayern.humanistische-union.de\/"},{"@type":"ListItem","position":2,"name":"Termine","item":"https:\/\/suedbayern.humanistische-union.de\/termine\/%year%\/"},{"@type":"ListItem","position":3,"name":"Gedenkveranstaltung f\u00fcr Reiner Bernstein (1939 \u2013 2021)"}]},{"@type":"WebSite","@id":"https:\/\/suedbayern.humanistische-union.de\/#website","url":"https:\/\/suedbayern.humanistische-union.de\/","name":"HU Bayern","description":"Eine weitere HU Network Website","potentialAction":[{"@type":"SearchAction","target":{"@type":"EntryPoint","urlTemplate":"https:\/\/suedbayern.humanistische-union.de\/?s={search_term_string}"},"query-input":{"@type":"PropertyValueSpecification","valueRequired":true,"valueName":"search_term_string"}}],"inLanguage":"de"}]}},"_links":{"self":[{"href":"https:\/\/suedbayern.humanistische-union.de\/hu-json\/wp\/v2\/termin\/1702","targetHints":{"allow":["GET"]}}],"collection":[{"href":"https:\/\/suedbayern.humanistische-union.de\/hu-json\/wp\/v2\/termin"}],"about":[{"href":"https:\/\/suedbayern.humanistische-union.de\/hu-json\/wp\/v2\/types\/termin"}],"wp:featuredmedia":[{"embeddable":true,"href":"https:\/\/suedbayern.humanistische-union.de\/hu-json\/wp\/v2\/media\/1703"}],"wp:attachment":[{"href":"https:\/\/suedbayern.humanistische-union.de\/hu-json\/wp\/v2\/media?parent=1702"}],"wp:term":[{"taxonomy":"category","embeddable":true,"href":"https:\/\/suedbayern.humanistische-union.de\/hu-json\/wp\/v2\/categories?post=1702"},{"taxonomy":"post_tag","embeddable":true,"href":"https:\/\/suedbayern.humanistische-union.de\/hu-json\/wp\/v2\/tags?post=1702"},{"taxonomy":"autoren","embeddable":true,"href":"https:\/\/suedbayern.humanistische-union.de\/hu-json\/wp\/v2\/autoren?post=1702"}],"curies":[{"name":"wp","href":"https:\/\/api.w.org\/{rel}","templated":true}]}}