{"id":584,"date":"2021-06-30T12:00:00","date_gmt":"2021-06-30T10:00:00","guid":{"rendered":"http:\/\/suedbayern.humanistische-union.de\/veranstaltungen\/termin\/ausserordentliche-mitgliederversammlung-des-lv-bayern-der-humanistischen-union-1\/"},"modified":"2022-05-17T20:04:28","modified_gmt":"2022-05-17T18:04:28","slug":"ausserordentliche-mitgliederversammlung-des-lv-bayern-der-humanistischen-union-1","status":"publish","type":"termin","link":"https:\/\/suedbayern.humanistische-union.de\/veranstaltungen\/2021\/ausserordentliche-mitgliederversammlung-des-lv-bayern-der-humanistischen-union-1\/","title":{"rendered":"Au\u00dferordentliche Mitgliederversammlung des LV Bayern der Humanistischen Union"},"content":{"rendered":"<div style=\"text-align:center\"><img decoding=\"async\" src=\"data:image\/gif;base64,R0lGODlhAQABAIAAAAAAAP\/\/\/ywAAAAAAQABAAACAUwAOw==\" fifu-lazy=\"1\" fifu-data-sizes=\"auto\" fifu-data-srcset=\"https:\/\/i2.wp.com\/suedbayern.humanistische-union.de\/wp-content\/uploads\/sites\/4\/2021\/06\/MV-scaled.jpg?ssl=1&w=75&resize=75&ssl=1 75w, https:\/\/i2.wp.com\/suedbayern.humanistische-union.de\/wp-content\/uploads\/sites\/4\/2021\/06\/MV-scaled.jpg?ssl=1&w=100&resize=100&ssl=1 100w, https:\/\/i2.wp.com\/suedbayern.humanistische-union.de\/wp-content\/uploads\/sites\/4\/2021\/06\/MV-scaled.jpg?ssl=1&w=150&resize=150&ssl=1 150w, https:\/\/i2.wp.com\/suedbayern.humanistische-union.de\/wp-content\/uploads\/sites\/4\/2021\/06\/MV-scaled.jpg?ssl=1&w=240&resize=240&ssl=1 240w, https:\/\/i2.wp.com\/suedbayern.humanistische-union.de\/wp-content\/uploads\/sites\/4\/2021\/06\/MV-scaled.jpg?ssl=1&w=320&resize=320&ssl=1 320w, https:\/\/i2.wp.com\/suedbayern.humanistische-union.de\/wp-content\/uploads\/sites\/4\/2021\/06\/MV-scaled.jpg?ssl=1&w=500&resize=500&ssl=1 500w, https:\/\/i2.wp.com\/suedbayern.humanistische-union.de\/wp-content\/uploads\/sites\/4\/2021\/06\/MV-scaled.jpg?ssl=1&w=640&resize=640&ssl=1 640w, https:\/\/i2.wp.com\/suedbayern.humanistische-union.de\/wp-content\/uploads\/sites\/4\/2021\/06\/MV-scaled.jpg?ssl=1&w=800&resize=800&ssl=1 800w, https:\/\/i2.wp.com\/suedbayern.humanistische-union.de\/wp-content\/uploads\/sites\/4\/2021\/06\/MV-scaled.jpg?ssl=1&w=1024&resize=1024&ssl=1 1024w, https:\/\/i2.wp.com\/suedbayern.humanistische-union.de\/wp-content\/uploads\/sites\/4\/2021\/06\/MV-scaled.jpg?ssl=1&w=1280&resize=1280&ssl=1 1280w, https:\/\/i2.wp.com\/suedbayern.humanistische-union.de\/wp-content\/uploads\/sites\/4\/2021\/06\/MV-scaled.jpg?ssl=1&w=1600&resize=1600&ssl=1 1600w\" fifu-data-src=\"https:\/\/i2.wp.com\/suedbayern.humanistische-union.de\/wp-content\/uploads\/sites\/4\/2021\/06\/MV-scaled.jpg?ssl=1\" class=\"attachment-post-thumbnail size-post-thumbnail wp-post-image\" alt=\"Au\u00dferordentliche Mitgliederversammlung des LV Bayern der Humanistischen Union\" title=\"Au\u00dferordentliche Mitgliederversammlung des LV Bayern der Humanistischen Union\" srcset=\"https:\/\/i2.wp.com\/suedbayern.humanistische-union.de\/wp-content\/uploads\/sites\/4\/2021\/06\/MV-scaled.jpg?ssl=1 2560w, https:\/\/suedbayern.humanistische-union.de\/wp-content\/uploads\/sites\/4\/2021\/06\/MV-600x400.jpg 600w, https:\/\/suedbayern.humanistische-union.de\/wp-content\/uploads\/sites\/4\/2021\/06\/MV-1000x667.jpg 1000w, https:\/\/suedbayern.humanistische-union.de\/wp-content\/uploads\/sites\/4\/2021\/06\/MV-768x512.jpg 768w, https:\/\/suedbayern.humanistische-union.de\/wp-content\/uploads\/sites\/4\/2021\/06\/MV-1536x1024.jpg 1536w, https:\/\/suedbayern.humanistische-union.de\/wp-content\/uploads\/sites\/4\/2021\/06\/MV-2048x1365.jpg 2048w, https:\/\/suedbayern.humanistische-union.de\/wp-content\/uploads\/sites\/4\/2021\/06\/MV-800x533.jpg 800w, https:\/\/suedbayern.humanistische-union.de\/wp-content\/uploads\/sites\/4\/2021\/06\/MV-450x300.jpg 450w\" sizes=\"(max-width: 2560px) 100vw, 2560px\" \/><\/div>\n<h5>Liebe Mitglieder,<br \/>\nliebe Freundinnen und Freunde der HU,<\/h5>\n<p>leider musste die im November letzten Jahres anberaumte Landesversammlung &#8211; corona-bedingt &#8211; kurzfristig abgesagt werden. Deshalb laden wir Sie nochmals zur au\u00dferordentlichen Mitgliederversammlung mit Nachwahlen ein.<\/p>\n<p><b>Einladung <\/b><\/p>\n<p><b>zur <\/b><b>au\u00dferordentlichen Landesversammlung<\/b><\/p>\n<p><b>am Mittwoch, den 30. Juni 2021, 18:00 Uhr in M\u00fcnchen, Seidlvilla, Nikolaiplatz 1b<\/b><\/p>\n<p>(Die Seidlvilla kann mit den U-Bahn-Linien 3\/6, Station Giselastra\u00dfe, erreicht werden.)<\/p>\n<p><b>Vorschlag zur Tagesordnung:<\/b><\/p>\n<ul>\n<li>\n<div align=\"left\">Er\u00f6ffnung und Wahl der Versammlungsleitung und der Protokollf\u00fchrung<\/div>\n<\/li>\n<li>\n<div align=\"left\">Abstimmung der Tagesordnung<\/div>\n<\/li>\n<li>\n<div class=\"MsoNormal\">Abstimmung der Gesch\u00e4ftsordnung<\/div>\n<\/li>\n<li>\n<div class=\"MsoNormal\">Bericht des Vorstandes (siehe hierzu auch die HU-Mitteilungen) mit Aussprache<\/div>\n<\/li>\n<li>\n<div class=\"MsoNormal\">Bildungswerk der Humanistischen Union Bayern<\/div>\n<\/li>\n<li>\n<div class=\"MsoNormal\">AG \u201eCorona-Krise und Grundrechte\u201c der HU<\/div>\n<\/li>\n<li>\n<div class=\"MsoNormal\">Initiative &#8222;Giesing Denk(t)mal&#8220;, Umwidmung eines Kriegsmonuments in ein Friedensmal<\/div>\n<\/li>\n<li>\n<div class=\"MsoNormal\">Verleihung unseres Preises &#8222;Aufrechter Gang&#8220;<\/div>\n<\/li>\n<li>\n<div class=\"MsoNormal\">Grundrechte-Report 2021: &#8222;Ungleiche Freiheiten und Rechte in der Krise&#8220;, am 26. Mai vorgestellt<\/div>\n<\/li>\n<li>\n<div class=\"MsoNormal\">Stand des Berufungsverfahrens zur Einschr\u00e4nkung der Versammlungsfreiheit in M\u00fcnchen am Bundesverwaltungsgericht<\/div>\n<\/li>\n<li>\n<div class=\"MsoNormal\">&#8222;Jerusalemer Erkl\u00e4rung zum Antisemitismus&#8220;\u00a0 (IDA)<\/div>\n<\/li>\n<li>\n<div class=\"MsoNormal\">Vorstellung der Kandidatinnen und Kandidaten<\/div>\n<\/li>\n<li>\n<div class=\"MsoNormal\">Nachwahlen f\u00fcr den Landesvorstand<\/div>\n<\/li>\n<li>\n<div class=\"MsoNormal\">K\u00fcnftige Themen des LV<\/div>\n<\/li>\n<li>\n<div class=\"MsoNormal\">Antr\u00e4ge an den Vorstand und zur Mitgliederversammlung auf Bundesebene<\/div>\n<\/li>\n<li>\n<div class=\"MsoNormal\">Sonstiges<\/div>\n<\/li>\n<\/ul>\n<p>An der schwierigen personellen Situation hat sich nichts ge\u00e4ndert, der Vorstand braucht dringend tatkr\u00e4ftige Unterst\u00fctzung.<\/p>\n<p>Der Vorstand schl\u00e4gt Ihnen<\/p>\n<p style=\"padding-left: 40px;\">Dr. Christa Scholtissek, \u00c4rztin,<br \/>\nHenning Hintze, Journalist,<br \/>\nDr. Hans Joachim Schemel, Landschafts- und Stadtplaner,<\/p>\n<p>zur (Nach-)Wahl f\u00fcr den Landesvorstand vor.<\/p>\n<p>Weiter Kandidaturen sind m\u00f6glich und erw\u00fcnscht. Wer die Humanistische Union in diesen schwierigen Zeiten st\u00e4rken will, Ideen mitbringt und die Vorstandsarbeit mittragen und mitverantworten m\u00f6chte, ist eingeladen, sich zur Wahl stellen. Sollten Sie sich \u00fcberlegen zu kandidieren, informieren wir Sie gerne\u00a0 \u00fcber die Vorstandsarbeit (Arbeitsaufwand, Regularien, \u2026).<br \/>\n<i>Der Besuch der Seidlvilla unterliegt den bekannten CORONA-bedingten Hygiene- und Abstands-regeln:<br \/>\nBitte kommen Sie, wenn Sie sich gesund f\u00fchlen und in den letzen 14 Tagen keinen Kontakt mit an Covid-19 erkrankten Personen hatten.<br \/>\nDenken Sie bitte daran, eine Mund-Nase-Maske mitzubringen und halten Sie den Mindestabstand von 1,5 Metern zu anderen Personen ein. Bitte beachten Sie die Husten- und Nies-Etikette.<br \/>\nDesinfektionsmittel stehen im Haus bereit.<\/i><\/p>\n<p>R\u00fcckmeldungen, Nachfragen zur a.o. Landesversammlung bitte an Wolfgang St\u00f6ger:(<a><u>stoeger.w@humanistische-union.de<\/u><\/a> oder 089 \/ 48 61 84<\/p>\n<p>Wir freuen uns, Sie \u2013 trotz der notwendigen gesundheitlichen Pr\u00e4ventivma\u00dfnahmen &#8211; zahlreich zur Landesversammlung begr\u00fc\u00dfen zu d\u00fcrfen.<\/p>\n<p>Mit freundlichen Gr\u00fc\u00dfen<\/p>\n<p>Wolfgang Killinger und Wolfgang St\u00f6gerIhr Vorstand des LV Bayern der HUMANISTISCHEN UNION<\/p>\n<p>HUMANISTISCHE UNION e.V. &#8211; Die B\u00fcrgerrechtsorganisationvereinigt mit der Gustav Heinemann-InitiativeLandesverband Bayern<\/p>\n<p>&#8211; emanzipatorisch<br \/>\n&#8211; radikaldemokratisch<br \/>\n&#8211; unabh\u00e4ngig<\/p>\n<p>Paul-Hey-Strasse 18, 82131 Gauting<br \/>\nTel. +49-89-850 33 63<br \/>\ne-mail: bayern(at)humanistische-union.de<br \/>\nweb: <u><\/u><u><a href=\"http:\/\/suedbayern.humanistische-union.de\/\" target=\"_blank\" rel=\"noopener\">suedbayern.humanistische-union.de<\/a><br \/>\n<\/u><br \/>\nKonto: HUMANISTISCHE UNION e.V. OV M\u00fcnchen, IBAN: DE31 7001 0080 0178 8558 00,<\/p>\n","protected":false},"featured_media":1715,"template":"","categories":[],"tags":[14,25,23,46],"autoren":[86],"class_list":["post-584","termin","type-termin","status-publish","has-post-thumbnail","hentry","tag-muenchen-termine","tag-rassismus","tag-versammlungsfreiheit","tag-versammlungsrecht","autoren-wolfgang-stoeger"],"acf":[],"yoast_head":"<!-- This site is optimized with the Yoast SEO plugin v28.4 - https:\/\/yoast.com\/product\/yoast-seo-wordpress\/ -->\n<title>Au\u00dferordentliche Mitgliederversammlung des LV Bayern der Humanistischen Union - HU Bayern<\/title>\n<meta name=\"robots\" content=\"index, follow, max-snippet:-1, max-image-preview:large, max-video-preview:-1\" \/>\n<link rel=\"canonical\" href=\"https:\/\/suedbayern.humanistische-union.de\/veranstaltungen\/2021\/ausserordentliche-mitgliederversammlung-des-lv-bayern-der-humanistischen-union-1\/\" \/>\n<meta property=\"og:locale\" content=\"de_DE\" \/>\n<meta property=\"og:type\" content=\"article\" \/>\n<meta property=\"og:title\" content=\"Au\u00dferordentliche Mitgliederversammlung des LV Bayern der Humanistischen Union - HU Bayern\" \/>\n<meta property=\"og:description\" content=\"Liebe Mitglieder, liebe Freundinnen und Freunde der HU, leider musste die im November letzten Jahres anberaumte Landesversammlung &#8211; corona-bedingt &#8211; kurzfristig abgesagt werden. Deshalb laden wir Sie nochmals zur au\u00dferordentlichen Mitgliederversammlung mit Nachwahlen ein. Einladung zur au\u00dferordentlichen Landesversammlung am Mittwoch, den 30. Juni 2021, 18:00 Uhr in M\u00fcnchen, Seidlvilla, Nikolaiplatz 1b (Die Seidlvilla kann mit [weiterlesen]\" \/>\n<meta property=\"og:url\" content=\"https:\/\/suedbayern.humanistische-union.de\/veranstaltungen\/2021\/ausserordentliche-mitgliederversammlung-des-lv-bayern-der-humanistischen-union-1\/\" \/>\n<meta property=\"og:site_name\" content=\"HU Bayern\" \/>\n<meta property=\"article:modified_time\" content=\"2022-05-17T18:04:28+00:00\" \/>\n<meta property=\"og:image\" content=\"http:\/\/suedbayern.humanistische-union.de\/wp-content\/uploads\/sites\/4\/2021\/06\/MV-scaled.jpg\" \/>\n\t<meta property=\"og:image:width\" content=\"2560\" \/>\n\t<meta property=\"og:image:height\" content=\"1707\" \/>\n\t<meta property=\"og:image:type\" content=\"image\/jpeg\" \/>\n<meta name=\"twitter:card\" content=\"summary_large_image\" \/>\n<meta name=\"twitter:label1\" content=\"Gesch\u00e4tzte Lesezeit\" \/>\n\t<meta name=\"twitter:data1\" content=\"2\u00a0Minuten\" \/>\n<script type=\"application\/ld+json\" class=\"yoast-schema-graph\">{\"@context\":\"https:\\\/\\\/schema.org\",\"@graph\":[{\"@type\":\"WebPage\",\"@id\":\"https:\\\/\\\/suedbayern.humanistische-union.de\\\/veranstaltungen\\\/2021\\\/ausserordentliche-mitgliederversammlung-des-lv-bayern-der-humanistischen-union-1\\\/\",\"url\":\"https:\\\/\\\/suedbayern.humanistische-union.de\\\/veranstaltungen\\\/2021\\\/ausserordentliche-mitgliederversammlung-des-lv-bayern-der-humanistischen-union-1\\\/\",\"name\":\"Au\u00dferordentliche Mitgliederversammlung des LV Bayern der Humanistischen Union - HU Bayern\",\"isPartOf\":{\"@id\":\"https:\\\/\\\/suedbayern.humanistische-union.de\\\/#website\"},\"primaryImageOfPage\":{\"@id\":\"https:\\\/\\\/suedbayern.humanistische-union.de\\\/veranstaltungen\\\/2021\\\/ausserordentliche-mitgliederversammlung-des-lv-bayern-der-humanistischen-union-1\\\/#primaryimage\"},\"image\":{\"@id\":\"https:\\\/\\\/suedbayern.humanistische-union.de\\\/veranstaltungen\\\/2021\\\/ausserordentliche-mitgliederversammlung-des-lv-bayern-der-humanistischen-union-1\\\/#primaryimage\"},\"thumbnailUrl\":\"https:\\\/\\\/suedbayern.humanistische-union.de\\\/wp-content\\\/uploads\\\/sites\\\/4\\\/2021\\\/06\\\/MV-scaled.jpg\",\"datePublished\":\"2021-06-30T10:00:00+00:00\",\"dateModified\":\"2022-05-17T18:04:28+00:00\",\"breadcrumb\":{\"@id\":\"https:\\\/\\\/suedbayern.humanistische-union.de\\\/veranstaltungen\\\/2021\\\/ausserordentliche-mitgliederversammlung-des-lv-bayern-der-humanistischen-union-1\\\/#breadcrumb\"},\"inLanguage\":\"de\",\"potentialAction\":[{\"@type\":\"ReadAction\",\"target\":[\"https:\\\/\\\/suedbayern.humanistische-union.de\\\/veranstaltungen\\\/2021\\\/ausserordentliche-mitgliederversammlung-des-lv-bayern-der-humanistischen-union-1\\\/\"]}]},{\"@type\":\"ImageObject\",\"inLanguage\":\"de\",\"@id\":\"https:\\\/\\\/suedbayern.humanistische-union.de\\\/veranstaltungen\\\/2021\\\/ausserordentliche-mitgliederversammlung-des-lv-bayern-der-humanistischen-union-1\\\/#primaryimage\",\"url\":\"https:\\\/\\\/suedbayern.humanistische-union.de\\\/wp-content\\\/uploads\\\/sites\\\/4\\\/2021\\\/06\\\/MV-scaled.jpg\",\"contentUrl\":\"https:\\\/\\\/suedbayern.humanistische-union.de\\\/wp-content\\\/uploads\\\/sites\\\/4\\\/2021\\\/06\\\/MV-scaled.jpg\",\"width\":2560,\"height\":1707},{\"@type\":\"BreadcrumbList\",\"@id\":\"https:\\\/\\\/suedbayern.humanistische-union.de\\\/veranstaltungen\\\/2021\\\/ausserordentliche-mitgliederversammlung-des-lv-bayern-der-humanistischen-union-1\\\/#breadcrumb\",\"itemListElement\":[{\"@type\":\"ListItem\",\"position\":1,\"name\":\"Startseite\",\"item\":\"https:\\\/\\\/suedbayern.humanistische-union.de\\\/\"},{\"@type\":\"ListItem\",\"position\":2,\"name\":\"Termine\",\"item\":\"https:\\\/\\\/suedbayern.humanistische-union.de\\\/termine\\\/%year%\\\/\"},{\"@type\":\"ListItem\",\"position\":3,\"name\":\"Au\u00dferordentliche Mitgliederversammlung des LV Bayern der Humanistischen Union\"}]},{\"@type\":\"WebSite\",\"@id\":\"https:\\\/\\\/suedbayern.humanistische-union.de\\\/#website\",\"url\":\"https:\\\/\\\/suedbayern.humanistische-union.de\\\/\",\"name\":\"HU Bayern\",\"description\":\"Eine weitere HU Network Website\",\"potentialAction\":[{\"@type\":\"SearchAction\",\"target\":{\"@type\":\"EntryPoint\",\"urlTemplate\":\"https:\\\/\\\/suedbayern.humanistische-union.de\\\/?s={search_term_string}\"},\"query-input\":{\"@type\":\"PropertyValueSpecification\",\"valueRequired\":true,\"valueName\":\"search_term_string\"}}],\"inLanguage\":\"de\"}]}<\/script>\n<!-- \/ Yoast SEO plugin. -->","yoast_head_json":{"title":"Au\u00dferordentliche Mitgliederversammlung des LV Bayern der Humanistischen Union - HU Bayern","robots":{"index":"index","follow":"follow","max-snippet":"max-snippet:-1","max-image-preview":"max-image-preview:large","max-video-preview":"max-video-preview:-1"},"canonical":"https:\/\/suedbayern.humanistische-union.de\/veranstaltungen\/2021\/ausserordentliche-mitgliederversammlung-des-lv-bayern-der-humanistischen-union-1\/","og_locale":"de_DE","og_type":"article","og_title":"Au\u00dferordentliche Mitgliederversammlung des LV Bayern der Humanistischen Union - HU Bayern","og_description":"Liebe Mitglieder, liebe Freundinnen und Freunde der HU, leider musste die im November letzten Jahres anberaumte Landesversammlung &#8211; corona-bedingt &#8211; kurzfristig abgesagt werden. Deshalb laden wir Sie nochmals zur au\u00dferordentlichen Mitgliederversammlung mit Nachwahlen ein. Einladung zur au\u00dferordentlichen Landesversammlung am Mittwoch, den 30. Juni 2021, 18:00 Uhr in M\u00fcnchen, Seidlvilla, Nikolaiplatz 1b (Die Seidlvilla kann mit [weiterlesen]","og_url":"https:\/\/suedbayern.humanistische-union.de\/veranstaltungen\/2021\/ausserordentliche-mitgliederversammlung-des-lv-bayern-der-humanistischen-union-1\/","og_site_name":"HU Bayern","article_modified_time":"2022-05-17T18:04:28+00:00","og_image":[{"width":2560,"height":1707,"url":"http:\/\/suedbayern.humanistische-union.de\/wp-content\/uploads\/sites\/4\/2021\/06\/MV-scaled.jpg","type":"image\/jpeg"}],"twitter_card":"summary_large_image","twitter_misc":{"Gesch\u00e4tzte Lesezeit":"2\u00a0Minuten"},"schema":{"@context":"https:\/\/schema.org","@graph":[{"@type":"WebPage","@id":"https:\/\/suedbayern.humanistische-union.de\/veranstaltungen\/2021\/ausserordentliche-mitgliederversammlung-des-lv-bayern-der-humanistischen-union-1\/","url":"https:\/\/suedbayern.humanistische-union.de\/veranstaltungen\/2021\/ausserordentliche-mitgliederversammlung-des-lv-bayern-der-humanistischen-union-1\/","name":"Au\u00dferordentliche Mitgliederversammlung des LV Bayern der Humanistischen Union - HU Bayern","isPartOf":{"@id":"https:\/\/suedbayern.humanistische-union.de\/#website"},"primaryImageOfPage":{"@id":"https:\/\/suedbayern.humanistische-union.de\/veranstaltungen\/2021\/ausserordentliche-mitgliederversammlung-des-lv-bayern-der-humanistischen-union-1\/#primaryimage"},"image":{"@id":"https:\/\/suedbayern.humanistische-union.de\/veranstaltungen\/2021\/ausserordentliche-mitgliederversammlung-des-lv-bayern-der-humanistischen-union-1\/#primaryimage"},"thumbnailUrl":"https:\/\/suedbayern.humanistische-union.de\/wp-content\/uploads\/sites\/4\/2021\/06\/MV-scaled.jpg","datePublished":"2021-06-30T10:00:00+00:00","dateModified":"2022-05-17T18:04:28+00:00","breadcrumb":{"@id":"https:\/\/suedbayern.humanistische-union.de\/veranstaltungen\/2021\/ausserordentliche-mitgliederversammlung-des-lv-bayern-der-humanistischen-union-1\/#breadcrumb"},"inLanguage":"de","potentialAction":[{"@type":"ReadAction","target":["https:\/\/suedbayern.humanistische-union.de\/veranstaltungen\/2021\/ausserordentliche-mitgliederversammlung-des-lv-bayern-der-humanistischen-union-1\/"]}]},{"@type":"ImageObject","inLanguage":"de","@id":"https:\/\/suedbayern.humanistische-union.de\/veranstaltungen\/2021\/ausserordentliche-mitgliederversammlung-des-lv-bayern-der-humanistischen-union-1\/#primaryimage","url":"https:\/\/suedbayern.humanistische-union.de\/wp-content\/uploads\/sites\/4\/2021\/06\/MV-scaled.jpg","contentUrl":"https:\/\/suedbayern.humanistische-union.de\/wp-content\/uploads\/sites\/4\/2021\/06\/MV-scaled.jpg","width":2560,"height":1707},{"@type":"BreadcrumbList","@id":"https:\/\/suedbayern.humanistische-union.de\/veranstaltungen\/2021\/ausserordentliche-mitgliederversammlung-des-lv-bayern-der-humanistischen-union-1\/#breadcrumb","itemListElement":[{"@type":"ListItem","position":1,"name":"Startseite","item":"https:\/\/suedbayern.humanistische-union.de\/"},{"@type":"ListItem","position":2,"name":"Termine","item":"https:\/\/suedbayern.humanistische-union.de\/termine\/%year%\/"},{"@type":"ListItem","position":3,"name":"Au\u00dferordentliche Mitgliederversammlung des LV Bayern der Humanistischen Union"}]},{"@type":"WebSite","@id":"https:\/\/suedbayern.humanistische-union.de\/#website","url":"https:\/\/suedbayern.humanistische-union.de\/","name":"HU Bayern","description":"Eine weitere HU Network Website","potentialAction":[{"@type":"SearchAction","target":{"@type":"EntryPoint","urlTemplate":"https:\/\/suedbayern.humanistische-union.de\/?s={search_term_string}"},"query-input":{"@type":"PropertyValueSpecification","valueRequired":true,"valueName":"search_term_string"}}],"inLanguage":"de"}]}},"_links":{"self":[{"href":"https:\/\/suedbayern.humanistische-union.de\/hu-json\/wp\/v2\/termin\/584","targetHints":{"allow":["GET"]}}],"collection":[{"href":"https:\/\/suedbayern.humanistische-union.de\/hu-json\/wp\/v2\/termin"}],"about":[{"href":"https:\/\/suedbayern.humanistische-union.de\/hu-json\/wp\/v2\/types\/termin"}],"wp:featuredmedia":[{"embeddable":true,"href":"https:\/\/suedbayern.humanistische-union.de\/hu-json\/wp\/v2\/media\/1715"}],"wp:attachment":[{"href":"https:\/\/suedbayern.humanistische-union.de\/hu-json\/wp\/v2\/media?parent=584"}],"wp:term":[{"taxonomy":"category","embeddable":true,"href":"https:\/\/suedbayern.humanistische-union.de\/hu-json\/wp\/v2\/categories?post=584"},{"taxonomy":"post_tag","embeddable":true,"href":"https:\/\/suedbayern.humanistische-union.de\/hu-json\/wp\/v2\/tags?post=584"},{"taxonomy":"autoren","embeddable":true,"href":"https:\/\/suedbayern.humanistische-union.de\/hu-json\/wp\/v2\/autoren?post=584"}],"curies":[{"name":"wp","href":"https:\/\/api.w.org\/{rel}","templated":true}]}}