{"id":585,"date":"2020-03-06T12:00:00","date_gmt":"2020-03-06T11:00:00","guid":{"rendered":"http:\/\/suedbayern.humanistische-union.de\/veranstaltungen\/termin\/just-dont-do-it-gegen-afd-und-rechten-terror-wir-haben-die-wahl\/"},"modified":"2020-03-06T12:00:00","modified_gmt":"2020-03-06T11:00:00","slug":"just-dont-do-it-gegen-afd-und-rechten-terror-wir-haben-die-wahl","status":"publish","type":"termin","link":"https:\/\/suedbayern.humanistische-union.de\/veranstaltungen\/2020\/just-dont-do-it-gegen-afd-und-rechten-terror-wir-haben-die-wahl\/","title":{"rendered":"JUST DON\u0092T DO IT. Gegen AfD und rechten Terror. Wir haben die Wahl."},"content":{"rendered":"<p><b>Die Humanistische Union LV Bayern unterst\u00fctzt diese Kundgebung<\/b>. In diesem breiten B\u00fcndnis, wollen wir gegen den rechten Terror demonstrieren und gegen die v\u00f6lkischen Parolen, die diesem Terror den Weg bereiten. <br \/>Wir sind froh, dass sich in einem denkbar breiten B\u00fcndnis das gesamte demokratische Spektrum gemeinsam gegen den rechten Terror stellt und gegen die v\u00f6lkischen Parolen, die diesem Terror den Weg bereiten.<br \/>Wie freuen uns auf <b>Redebeitr\u00e4ge<\/b> der b\u00fcrgerschaftlichen Organisationen: von Peter Probst von der Lichterkette e.V., M\u00fcnchen (und Genossenschaftsmitglied von Bellevue di Monaco), Micky Wenngatz von M\u00fcnchen ist bunt, Thomas Lechner, Organisator der Ausgehetzt-Demos und und Nesrin G\u00fcl, stellv. Vorsitzende der Arbeitsgemeinschaft der Ausl\u00e4nder-, Migranten- und Integrationsbeir\u00e4te Bayerns AGABY.<br \/>Besonders wichtig in diesen Zeiten finden wir auch, dass hochrangige Amtstr\u00e4ger*innen aus Bund, Land und Stadt klar Farbe gegen den Rechtsradikalismus bekennen. Wir erwarten die Vizepr\u00e4sidentin des Deutschen Bundestages Claudia Roth, den bayerischen Ministerpr\u00e4sidenten Dr. Markus S\u00f6der und den Oberb\u00fcrgermeister der Stadt M\u00fcnchen Dieter Reiter.<br \/><b>Sprechen werden au\u00dferdem <\/b>Vertreter*innen der gro\u00dfen Glaubensgemeinschaften, wie Dr. h.c. Charlotte Knobloch von der Israelitische Kultusgemeinde M\u00fcnchen und Oberbayern K.d.\u00d6.R, Imen Belajouza vom MFI &#8211; M\u00fcnchner Forum f\u00fcr Islam e.V.., Regionalbischof Christian Kopp als Vertreter der Evangelischen Landeskirche sowie Weihbischof Rupert Graf zu Stolberg als Vertreter des Erzbistum M\u00fcnchen und Freising.<br \/><b>Als Unterst\u00fctzer*innen aus der Kulturszene <\/b>sind u.a. dabei: Gerhard Polt und die Wellbr\u00fcder aus dem Biermoos, Maxi Schafroth, Stefan Zinner und Simon Pearce.<br \/><b>Die Moderation \u00fcbernimmt Amelie Fried. <\/p>\n<p>Die Kundgebung wird au\u00dferdem unterst\u00fctzt von<\/b>: SPD M\u00fcnchen, BayernSPD, Gr\u00fcne M\u00fcnchen, GR\u00dcNE Bayern, CSU Bayern, CSU M\u00fcnchen, Freie W\u00e4hler M\u00fcnchen e.V., FDP M\u00fcnchen, FDP Bayern, FDP Bayern, \u00d6DP M\u00fcnchen, DIE LINKE. M\u00fcnchen, Rosa Liste e.V., Mut Bayern, Die PARTEI M\u00fcnchen, Die Urbane. Eine HipHop Partei , Bayerischer Fl\u00fcchtlingsrat, M\u00fcnchner Fl\u00fcchtlingsrat, MFI &#8211; M\u00fcnchner Forum f\u00fcr Islam e.V., , Andreas Beck &amp; das Ensemble vom Residenztheater, Christian St\u00fcckl &amp; das Ensemble vom M\u00fcnchner Volkstheater, Matthias Lilienthal, Oliver Beckmann &amp; das Ensemble der M\u00fcnchner Kammerspiele sowie viele Besch\u00e4ftigte, Jusos M\u00fcnchen, Nord S\u00fcd Forum M\u00fcnchen e.V., Die Vielen &#8211; Bayern, Frauenhilfe M\u00fcnchen, Gegen Vergessen &#8211; F\u00fcr Demokratie e. V. (M\u00fcnchen), Ausarten &#8211; Perspektivwechsel durch Kunst, B\u00fcrgerhaus Glockenbachwerkstatt, DGB-Region M\u00fcnchen, SchlaU-Schule, SchlaU &#8211; Werkstatt f\u00fcr Migrationsp\u00e4dagogik, Netzwerk Rassismus- und Diskriminierungsfreies Bayern e.V., IG Metall M\u00fcnchen, ver.di M\u00fcnchen &amp; Region, Zusammen Bayern, DMB Mieterverein M\u00fcnchen, Morgen e.V., AGABY, Caritas M\u00fcnchen und Oberbayern, die urbanauten, Kulturstrand M\u00fcnchen, Isarlust e.V., GEW Stadtverband M\u00fcnchen, M\u00fcnchner Bildungswerk e.V.., AWO M\u00fcnchen-Stadt, VFS Verein f\u00fcr Sozialarbeit e.V., Parit\u00e4tischer Wohlfahrtsverband (Bezirksverband Oberbayern).<\/p>\n<p>Die rechtsradikalen, terroristischen Mordanschl\u00e4ge in Hanau, der antisemitische Terroranschlag in Halle und der Mord an Walter L\u00fcbcke durch einen rechten Gewaltt\u00e4ter in Kassel zeigen, dass das politische Klima einen Zustand erreicht hat, den wir nicht mehr verharmlosen d\u00fcrfen.<br \/>Hetze und Ausgrenzung leisten rechtem Terror Vorschub. Die AfD, eine Partei mit Faschisten in F\u00fchrungspositionen, befeuert durch Hass, antidemokratische Reden und Hetze gegen Mitb\u00fcrger*innen den Antisemitismus und den rechten Terror. <br \/>Es reicht! Bei der Kommunalwahl in Bayern am 15. M\u00e4rz sollte dieses rechtsradikale Gedankengut, eine Brutst\u00e4tte f\u00fcr rechten Terror, keinen Raum in Stadt- und Gemeinder\u00e4ten mehr erhalten.<\/p>\n<p><b>Ob &#8222;links&#8220;, &#8222;gr\u00fcn&#8220;, &#8222;liberal&#8220; oder &#8222;b\u00fcrgerlich&#8220;: wir m\u00fcssen parteien\u00fcbergreifend f\u00fcr unsere Demokratie k\u00e4mpfen. Die Gesellschaft darf sich nicht spalten lassen. Die freiheitlichen Werte unserer Gesellschaft k\u00f6nnen wir nur gemeinsam verteidigen. <\/b><\/p>\n","protected":false},"featured_media":0,"template":"","categories":[],"tags":[14],"autoren":[10],"class_list":["post-585","termin","type-termin","status-publish","hentry","tag-muenchen-termine","autoren-wolfgang-killinger"],"acf":[],"yoast_head":"<!-- This site is optimized with the Yoast SEO plugin v28.4 - https:\/\/yoast.com\/product\/yoast-seo-wordpress\/ -->\n<title>JUST DON\u0092T DO IT. Gegen AfD und rechten Terror. Wir haben die Wahl. - HU Bayern<\/title>\n<meta name=\"robots\" content=\"index, follow, max-snippet:-1, max-image-preview:large, max-video-preview:-1\" \/>\n<link rel=\"canonical\" href=\"https:\/\/suedbayern.humanistische-union.de\/veranstaltungen\/2020\/just-dont-do-it-gegen-afd-und-rechten-terror-wir-haben-die-wahl\/\" \/>\n<meta property=\"og:locale\" content=\"de_DE\" \/>\n<meta property=\"og:type\" content=\"article\" \/>\n<meta property=\"og:title\" content=\"JUST DON\u0092T DO IT. Gegen AfD und rechten Terror. Wir haben die Wahl. - HU Bayern\" \/>\n<meta property=\"og:description\" content=\"Die Humanistische Union LV Bayern unterst\u00fctzt diese Kundgebung. In diesem breiten B\u00fcndnis, wollen wir gegen den rechten Terror demonstrieren und gegen die v\u00f6lkischen Parolen, die diesem Terror den Weg bereiten. Wir sind froh, dass sich in einem denkbar breiten B\u00fcndnis das gesamte demokratische Spektrum gemeinsam gegen den rechten Terror stellt und gegen die v\u00f6lkischen Parolen, [weiterlesen]\" \/>\n<meta property=\"og:url\" content=\"https:\/\/suedbayern.humanistische-union.de\/veranstaltungen\/2020\/just-dont-do-it-gegen-afd-und-rechten-terror-wir-haben-die-wahl\/\" \/>\n<meta property=\"og:site_name\" content=\"HU Bayern\" \/>\n<meta name=\"twitter:card\" content=\"summary_large_image\" \/>\n<meta name=\"twitter:label1\" content=\"Gesch\u00e4tzte Lesezeit\" \/>\n\t<meta name=\"twitter:data1\" content=\"3\u00a0Minuten\" \/>\n<script type=\"application\/ld+json\" class=\"yoast-schema-graph\">{\"@context\":\"https:\\\/\\\/schema.org\",\"@graph\":[{\"@type\":\"WebPage\",\"@id\":\"https:\\\/\\\/suedbayern.humanistische-union.de\\\/veranstaltungen\\\/2020\\\/just-dont-do-it-gegen-afd-und-rechten-terror-wir-haben-die-wahl\\\/\",\"url\":\"https:\\\/\\\/suedbayern.humanistische-union.de\\\/veranstaltungen\\\/2020\\\/just-dont-do-it-gegen-afd-und-rechten-terror-wir-haben-die-wahl\\\/\",\"name\":\"JUST DON\u0092T DO IT. Gegen AfD und rechten Terror. Wir haben die Wahl. - HU Bayern\",\"isPartOf\":{\"@id\":\"https:\\\/\\\/suedbayern.humanistische-union.de\\\/#website\"},\"datePublished\":\"2020-03-06T11:00:00+00:00\",\"breadcrumb\":{\"@id\":\"https:\\\/\\\/suedbayern.humanistische-union.de\\\/veranstaltungen\\\/2020\\\/just-dont-do-it-gegen-afd-und-rechten-terror-wir-haben-die-wahl\\\/#breadcrumb\"},\"inLanguage\":\"de\",\"potentialAction\":[{\"@type\":\"ReadAction\",\"target\":[\"https:\\\/\\\/suedbayern.humanistische-union.de\\\/veranstaltungen\\\/2020\\\/just-dont-do-it-gegen-afd-und-rechten-terror-wir-haben-die-wahl\\\/\"]}]},{\"@type\":\"BreadcrumbList\",\"@id\":\"https:\\\/\\\/suedbayern.humanistische-union.de\\\/veranstaltungen\\\/2020\\\/just-dont-do-it-gegen-afd-und-rechten-terror-wir-haben-die-wahl\\\/#breadcrumb\",\"itemListElement\":[{\"@type\":\"ListItem\",\"position\":1,\"name\":\"Startseite\",\"item\":\"https:\\\/\\\/suedbayern.humanistische-union.de\\\/\"},{\"@type\":\"ListItem\",\"position\":2,\"name\":\"Termine\",\"item\":\"https:\\\/\\\/suedbayern.humanistische-union.de\\\/termine\\\/%year%\\\/\"},{\"@type\":\"ListItem\",\"position\":3,\"name\":\"JUST DON\u0092T DO IT. Gegen AfD und rechten Terror. Wir haben die Wahl.\"}]},{\"@type\":\"WebSite\",\"@id\":\"https:\\\/\\\/suedbayern.humanistische-union.de\\\/#website\",\"url\":\"https:\\\/\\\/suedbayern.humanistische-union.de\\\/\",\"name\":\"HU Bayern\",\"description\":\"Eine weitere HU Network Website\",\"potentialAction\":[{\"@type\":\"SearchAction\",\"target\":{\"@type\":\"EntryPoint\",\"urlTemplate\":\"https:\\\/\\\/suedbayern.humanistische-union.de\\\/?s={search_term_string}\"},\"query-input\":{\"@type\":\"PropertyValueSpecification\",\"valueRequired\":true,\"valueName\":\"search_term_string\"}}],\"inLanguage\":\"de\"}]}<\/script>\n<!-- \/ Yoast SEO plugin. -->","yoast_head_json":{"title":"JUST DON\u0092T DO IT. Gegen AfD und rechten Terror. Wir haben die Wahl. - HU Bayern","robots":{"index":"index","follow":"follow","max-snippet":"max-snippet:-1","max-image-preview":"max-image-preview:large","max-video-preview":"max-video-preview:-1"},"canonical":"https:\/\/suedbayern.humanistische-union.de\/veranstaltungen\/2020\/just-dont-do-it-gegen-afd-und-rechten-terror-wir-haben-die-wahl\/","og_locale":"de_DE","og_type":"article","og_title":"JUST DON\u0092T DO IT. Gegen AfD und rechten Terror. Wir haben die Wahl. - HU Bayern","og_description":"Die Humanistische Union LV Bayern unterst\u00fctzt diese Kundgebung. In diesem breiten B\u00fcndnis, wollen wir gegen den rechten Terror demonstrieren und gegen die v\u00f6lkischen Parolen, die diesem Terror den Weg bereiten. Wir sind froh, dass sich in einem denkbar breiten B\u00fcndnis das gesamte demokratische Spektrum gemeinsam gegen den rechten Terror stellt und gegen die v\u00f6lkischen Parolen, [weiterlesen]","og_url":"https:\/\/suedbayern.humanistische-union.de\/veranstaltungen\/2020\/just-dont-do-it-gegen-afd-und-rechten-terror-wir-haben-die-wahl\/","og_site_name":"HU Bayern","twitter_card":"summary_large_image","twitter_misc":{"Gesch\u00e4tzte Lesezeit":"3\u00a0Minuten"},"schema":{"@context":"https:\/\/schema.org","@graph":[{"@type":"WebPage","@id":"https:\/\/suedbayern.humanistische-union.de\/veranstaltungen\/2020\/just-dont-do-it-gegen-afd-und-rechten-terror-wir-haben-die-wahl\/","url":"https:\/\/suedbayern.humanistische-union.de\/veranstaltungen\/2020\/just-dont-do-it-gegen-afd-und-rechten-terror-wir-haben-die-wahl\/","name":"JUST DON\u0092T DO IT. Gegen AfD und rechten Terror. Wir haben die Wahl. - HU Bayern","isPartOf":{"@id":"https:\/\/suedbayern.humanistische-union.de\/#website"},"datePublished":"2020-03-06T11:00:00+00:00","breadcrumb":{"@id":"https:\/\/suedbayern.humanistische-union.de\/veranstaltungen\/2020\/just-dont-do-it-gegen-afd-und-rechten-terror-wir-haben-die-wahl\/#breadcrumb"},"inLanguage":"de","potentialAction":[{"@type":"ReadAction","target":["https:\/\/suedbayern.humanistische-union.de\/veranstaltungen\/2020\/just-dont-do-it-gegen-afd-und-rechten-terror-wir-haben-die-wahl\/"]}]},{"@type":"BreadcrumbList","@id":"https:\/\/suedbayern.humanistische-union.de\/veranstaltungen\/2020\/just-dont-do-it-gegen-afd-und-rechten-terror-wir-haben-die-wahl\/#breadcrumb","itemListElement":[{"@type":"ListItem","position":1,"name":"Startseite","item":"https:\/\/suedbayern.humanistische-union.de\/"},{"@type":"ListItem","position":2,"name":"Termine","item":"https:\/\/suedbayern.humanistische-union.de\/termine\/%year%\/"},{"@type":"ListItem","position":3,"name":"JUST DON\u0092T DO IT. Gegen AfD und rechten Terror. Wir haben die Wahl."}]},{"@type":"WebSite","@id":"https:\/\/suedbayern.humanistische-union.de\/#website","url":"https:\/\/suedbayern.humanistische-union.de\/","name":"HU Bayern","description":"Eine weitere HU Network Website","potentialAction":[{"@type":"SearchAction","target":{"@type":"EntryPoint","urlTemplate":"https:\/\/suedbayern.humanistische-union.de\/?s={search_term_string}"},"query-input":{"@type":"PropertyValueSpecification","valueRequired":true,"valueName":"search_term_string"}}],"inLanguage":"de"}]}},"_links":{"self":[{"href":"https:\/\/suedbayern.humanistische-union.de\/hu-json\/wp\/v2\/termin\/585","targetHints":{"allow":["GET"]}}],"collection":[{"href":"https:\/\/suedbayern.humanistische-union.de\/hu-json\/wp\/v2\/termin"}],"about":[{"href":"https:\/\/suedbayern.humanistische-union.de\/hu-json\/wp\/v2\/types\/termin"}],"wp:attachment":[{"href":"https:\/\/suedbayern.humanistische-union.de\/hu-json\/wp\/v2\/media?parent=585"}],"wp:term":[{"taxonomy":"category","embeddable":true,"href":"https:\/\/suedbayern.humanistische-union.de\/hu-json\/wp\/v2\/categories?post=585"},{"taxonomy":"post_tag","embeddable":true,"href":"https:\/\/suedbayern.humanistische-union.de\/hu-json\/wp\/v2\/tags?post=585"},{"taxonomy":"autoren","embeddable":true,"href":"https:\/\/suedbayern.humanistische-union.de\/hu-json\/wp\/v2\/autoren?post=585"}],"curies":[{"name":"wp","href":"https:\/\/api.w.org\/{rel}","templated":true}]}}