{"id":1114,"date":"2019-08-04T12:00:00","date_gmt":"2019-08-04T10:00:00","guid":{"rendered":"http:\/\/suedbayern.humanistische-union.de\/thema\/pm-verwaltungsgerichtshof-stimmt-berufung-zu-muenchner-raumverboten-zu\/"},"modified":"2019-08-04T12:00:00","modified_gmt":"2019-08-04T10:00:00","slug":"pm-verwaltungsgerichtshof-stimmt-berufung-zu-muenchner-raumverboten-zu","status":"publish","type":"thema","link":"https:\/\/suedbayern.humanistische-union.de\/thema\/pm-verwaltungsgerichtshof-stimmt-berufung-zu-muenchner-raumverboten-zu\/","title":{"rendered":"PM: Verwaltungsgerichtshof stimmt Berufung zu M\u00fcnchner Raumverboten zu"},"content":{"rendered":"<p>Ein Antrag auf Zulassung einer Berufung gegen das Urteil des M\u00fcnchner Verwaltungsgerichts, das im Dezember 2018 die Klage des M\u00fcnchner B\u00fcrgers Klaus R., gegen die Saalverweigerung des Stadtmuseums zur\u00fcckwies, wurde k\u00fcrzlich vom Verwaltungsgerichtshof mit der Begr\u00fcndung angenommen, die Rechtssache weise &#8222;besondere rechtliche Schwierigkeiten&#8220; auf.<\/p>\n<p>Die HUMANISTISCHE UNION Bayern (HU) begr\u00fc\u00dft die Entscheidung des Bayerischen Verwaltungsgerichtshof. Wolfgang St\u00f6ger vom Vorstand:\u00a0 &#8222;Das Grundrecht ist nicht nur eingeschr\u00e4nkt, wenn eine Meinungs\u00e4u\u00dferung verboten wird, sondern auch dann, wenn die Grundrechtswahrnehmung behindert wird, z.B. durch ein Nutzungsverbot kommunaler Veranstaltungsr\u00e4ume.&#8220;<\/p>\n<p>Das erstinstanzliche Urteil des M\u00fcnchner Verwaltungsgerichts hatte die Klage\u00a0 Klaus Rs. gegen die Saalverweigerung f\u00fcr eine Diskussionsveranstaltung &#8222;Wie sehr schr\u00e4nkt M\u00fcnchen die Meinungsfreiheit ein?&#8220; zur\u00fcckgewiesen, bei der es um die Folgen des umstrittenen Stadtratsbeschluss vom 13.12. 2017 gehen sollte. Dieser erm\u00e4chtigt die Stadt, Veranstaltungen in st\u00e4dtischen oder st\u00e4dtisch gef\u00f6rderten R\u00e4umen zu untersagen, bei denen die Boykottbewegung BDS (Boykott, Desinvestment, Sanktionen) zur Sprache kommen k\u00f6nnte. Der Kl\u00e4ger sieht darin eine Verletzung des Grundgesetzes und der Bayerischen Gemeindeordnung, die allen Gemeindemitgliedern\u00a0 grunds\u00e4tzlich das Recht auf die Nutzung st\u00e4dtischer R\u00e4ume einr\u00e4umt. Das Verwaltungsgericht urteilte hingegen, die Verweigerung sei zul\u00e4ssig gewesen, die Stadt verf\u00fcge \u00fcber &#8222;einen weiten Gestaltungsspielraum&#8220;.\u00a0\u00a0<\/p>\n<p>F\u00fcr R\u00fcckfragen: Wolfgang St\u00f6ger, Tel. 0175 \/ 320 40 98<\/p>\n","protected":false},"featured_media":0,"template":"","categories":[259,264],"tags":[41,158,24,164,15,25,27,23],"class_list":["post-1114","thema","type-thema","status-publish","hentry","category-frieden","category-rechtspolitik","tag-frieden","tag-gg-artikel-5","tag-ifg-bayern","tag-muenchen-presse","tag-pluralismus","tag-rassismus","tag-rechtspolitik","tag-versammlungsfreiheit"],"acf":[],"yoast_head":"<!-- This site is optimized with the Yoast SEO plugin v28.4 - https:\/\/yoast.com\/product\/yoast-seo-wordpress\/ -->\n<title>PM: Verwaltungsgerichtshof stimmt Berufung zu M\u00fcnchner Raumverboten zu - HU Bayern<\/title>\n<meta name=\"robots\" content=\"index, follow, max-snippet:-1, max-image-preview:large, max-video-preview:-1\" \/>\n<link rel=\"canonical\" href=\"https:\/\/suedbayern.humanistische-union.de\/thema\/pm-verwaltungsgerichtshof-stimmt-berufung-zu-muenchner-raumverboten-zu\/\" \/>\n<meta property=\"og:locale\" content=\"de_DE\" \/>\n<meta property=\"og:type\" content=\"article\" \/>\n<meta property=\"og:title\" content=\"PM: Verwaltungsgerichtshof stimmt Berufung zu M\u00fcnchner Raumverboten zu - HU Bayern\" \/>\n<meta property=\"og:description\" content=\"Ein Antrag auf Zulassung einer Berufung gegen das Urteil des M\u00fcnchner Verwaltungsgerichts, das im Dezember 2018 die Klage des M\u00fcnchner B\u00fcrgers Klaus R., gegen die Saalverweigerung des Stadtmuseums zur\u00fcckwies, wurde k\u00fcrzlich vom Verwaltungsgerichtshof mit der Begr\u00fcndung angenommen, die Rechtssache weise &#8222;besondere rechtliche Schwierigkeiten&#8220; auf. Die HUMANISTISCHE UNION Bayern (HU) begr\u00fc\u00dft die Entscheidung des Bayerischen Verwaltungsgerichtshof. [weiterlesen]\" \/>\n<meta property=\"og:url\" content=\"https:\/\/suedbayern.humanistische-union.de\/thema\/pm-verwaltungsgerichtshof-stimmt-berufung-zu-muenchner-raumverboten-zu\/\" \/>\n<meta property=\"og:site_name\" content=\"HU Bayern\" \/>\n<meta name=\"twitter:card\" content=\"summary_large_image\" \/>\n<meta name=\"twitter:label1\" content=\"Gesch\u00e4tzte Lesezeit\" \/>\n\t<meta name=\"twitter:data1\" content=\"1\u00a0Minute\" \/>\n<script type=\"application\/ld+json\" class=\"yoast-schema-graph\">{\"@context\":\"https:\\\/\\\/schema.org\",\"@graph\":[{\"@type\":\"WebPage\",\"@id\":\"https:\\\/\\\/suedbayern.humanistische-union.de\\\/thema\\\/pm-verwaltungsgerichtshof-stimmt-berufung-zu-muenchner-raumverboten-zu\\\/\",\"url\":\"https:\\\/\\\/suedbayern.humanistische-union.de\\\/thema\\\/pm-verwaltungsgerichtshof-stimmt-berufung-zu-muenchner-raumverboten-zu\\\/\",\"name\":\"PM: Verwaltungsgerichtshof stimmt Berufung zu M\u00fcnchner Raumverboten zu - HU Bayern\",\"isPartOf\":{\"@id\":\"https:\\\/\\\/suedbayern.humanistische-union.de\\\/#website\"},\"datePublished\":\"2019-08-04T10:00:00+00:00\",\"breadcrumb\":{\"@id\":\"https:\\\/\\\/suedbayern.humanistische-union.de\\\/thema\\\/pm-verwaltungsgerichtshof-stimmt-berufung-zu-muenchner-raumverboten-zu\\\/#breadcrumb\"},\"inLanguage\":\"de\",\"potentialAction\":[{\"@type\":\"ReadAction\",\"target\":[\"https:\\\/\\\/suedbayern.humanistische-union.de\\\/thema\\\/pm-verwaltungsgerichtshof-stimmt-berufung-zu-muenchner-raumverboten-zu\\\/\"]}]},{\"@type\":\"BreadcrumbList\",\"@id\":\"https:\\\/\\\/suedbayern.humanistische-union.de\\\/thema\\\/pm-verwaltungsgerichtshof-stimmt-berufung-zu-muenchner-raumverboten-zu\\\/#breadcrumb\",\"itemListElement\":[{\"@type\":\"ListItem\",\"position\":1,\"name\":\"Startseite\",\"item\":\"https:\\\/\\\/suedbayern.humanistische-union.de\\\/\"},{\"@type\":\"ListItem\",\"position\":2,\"name\":\"Themen\",\"item\":\"https:\\\/\\\/suedbayern.humanistische-union.de\\\/thema\\\/\"},{\"@type\":\"ListItem\",\"position\":3,\"name\":\"PM: Verwaltungsgerichtshof stimmt Berufung zu M\u00fcnchner Raumverboten zu\"}]},{\"@type\":\"WebSite\",\"@id\":\"https:\\\/\\\/suedbayern.humanistische-union.de\\\/#website\",\"url\":\"https:\\\/\\\/suedbayern.humanistische-union.de\\\/\",\"name\":\"HU Bayern\",\"description\":\"Eine weitere HU Network Website\",\"potentialAction\":[{\"@type\":\"SearchAction\",\"target\":{\"@type\":\"EntryPoint\",\"urlTemplate\":\"https:\\\/\\\/suedbayern.humanistische-union.de\\\/?s={search_term_string}\"},\"query-input\":{\"@type\":\"PropertyValueSpecification\",\"valueRequired\":true,\"valueName\":\"search_term_string\"}}],\"inLanguage\":\"de\"}]}<\/script>\n<!-- \/ Yoast SEO plugin. -->","yoast_head_json":{"title":"PM: Verwaltungsgerichtshof stimmt Berufung zu M\u00fcnchner Raumverboten zu - HU Bayern","robots":{"index":"index","follow":"follow","max-snippet":"max-snippet:-1","max-image-preview":"max-image-preview:large","max-video-preview":"max-video-preview:-1"},"canonical":"https:\/\/suedbayern.humanistische-union.de\/thema\/pm-verwaltungsgerichtshof-stimmt-berufung-zu-muenchner-raumverboten-zu\/","og_locale":"de_DE","og_type":"article","og_title":"PM: Verwaltungsgerichtshof stimmt Berufung zu M\u00fcnchner Raumverboten zu - HU Bayern","og_description":"Ein Antrag auf Zulassung einer Berufung gegen das Urteil des M\u00fcnchner Verwaltungsgerichts, das im Dezember 2018 die Klage des M\u00fcnchner B\u00fcrgers Klaus R., gegen die Saalverweigerung des Stadtmuseums zur\u00fcckwies, wurde k\u00fcrzlich vom Verwaltungsgerichtshof mit der Begr\u00fcndung angenommen, die Rechtssache weise &#8222;besondere rechtliche Schwierigkeiten&#8220; auf. Die HUMANISTISCHE UNION Bayern (HU) begr\u00fc\u00dft die Entscheidung des Bayerischen Verwaltungsgerichtshof. [weiterlesen]","og_url":"https:\/\/suedbayern.humanistische-union.de\/thema\/pm-verwaltungsgerichtshof-stimmt-berufung-zu-muenchner-raumverboten-zu\/","og_site_name":"HU Bayern","twitter_card":"summary_large_image","twitter_misc":{"Gesch\u00e4tzte Lesezeit":"1\u00a0Minute"},"schema":{"@context":"https:\/\/schema.org","@graph":[{"@type":"WebPage","@id":"https:\/\/suedbayern.humanistische-union.de\/thema\/pm-verwaltungsgerichtshof-stimmt-berufung-zu-muenchner-raumverboten-zu\/","url":"https:\/\/suedbayern.humanistische-union.de\/thema\/pm-verwaltungsgerichtshof-stimmt-berufung-zu-muenchner-raumverboten-zu\/","name":"PM: Verwaltungsgerichtshof stimmt Berufung zu M\u00fcnchner Raumverboten zu - HU Bayern","isPartOf":{"@id":"https:\/\/suedbayern.humanistische-union.de\/#website"},"datePublished":"2019-08-04T10:00:00+00:00","breadcrumb":{"@id":"https:\/\/suedbayern.humanistische-union.de\/thema\/pm-verwaltungsgerichtshof-stimmt-berufung-zu-muenchner-raumverboten-zu\/#breadcrumb"},"inLanguage":"de","potentialAction":[{"@type":"ReadAction","target":["https:\/\/suedbayern.humanistische-union.de\/thema\/pm-verwaltungsgerichtshof-stimmt-berufung-zu-muenchner-raumverboten-zu\/"]}]},{"@type":"BreadcrumbList","@id":"https:\/\/suedbayern.humanistische-union.de\/thema\/pm-verwaltungsgerichtshof-stimmt-berufung-zu-muenchner-raumverboten-zu\/#breadcrumb","itemListElement":[{"@type":"ListItem","position":1,"name":"Startseite","item":"https:\/\/suedbayern.humanistische-union.de\/"},{"@type":"ListItem","position":2,"name":"Themen","item":"https:\/\/suedbayern.humanistische-union.de\/thema\/"},{"@type":"ListItem","position":3,"name":"PM: Verwaltungsgerichtshof stimmt Berufung zu M\u00fcnchner Raumverboten zu"}]},{"@type":"WebSite","@id":"https:\/\/suedbayern.humanistische-union.de\/#website","url":"https:\/\/suedbayern.humanistische-union.de\/","name":"HU Bayern","description":"Eine weitere HU Network Website","potentialAction":[{"@type":"SearchAction","target":{"@type":"EntryPoint","urlTemplate":"https:\/\/suedbayern.humanistische-union.de\/?s={search_term_string}"},"query-input":{"@type":"PropertyValueSpecification","valueRequired":true,"valueName":"search_term_string"}}],"inLanguage":"de"}]}},"_links":{"self":[{"href":"https:\/\/suedbayern.humanistische-union.de\/hu-json\/wp\/v2\/thema\/1114","targetHints":{"allow":["GET"]}}],"collection":[{"href":"https:\/\/suedbayern.humanistische-union.de\/hu-json\/wp\/v2\/thema"}],"about":[{"href":"https:\/\/suedbayern.humanistische-union.de\/hu-json\/wp\/v2\/types\/thema"}],"wp:attachment":[{"href":"https:\/\/suedbayern.humanistische-union.de\/hu-json\/wp\/v2\/media?parent=1114"}],"wp:term":[{"taxonomy":"category","embeddable":true,"href":"https:\/\/suedbayern.humanistische-union.de\/hu-json\/wp\/v2\/categories?post=1114"},{"taxonomy":"post_tag","embeddable":true,"href":"https:\/\/suedbayern.humanistische-union.de\/hu-json\/wp\/v2\/tags?post=1114"}],"curies":[{"name":"wp","href":"https:\/\/api.w.org\/{rel}","templated":true}]}}