{"id":1117,"date":"2019-06-26T12:00:00","date_gmt":"2019-06-26T10:00:00","guid":{"rendered":"http:\/\/suedbayern.humanistische-union.de\/thema\/meinungsfreiheit-in-gefahr\/"},"modified":"2019-06-26T12:00:00","modified_gmt":"2019-06-26T10:00:00","slug":"meinungsfreiheit-in-gefahr","status":"publish","type":"thema","link":"https:\/\/suedbayern.humanistische-union.de\/thema\/meinungsfreiheit-in-gefahr\/","title":{"rendered":"Meinungsfreiheit in Gefahr &#8211; Der M\u00fcnchner Stadtratsbeschluss vom 13.12.2017 und seine Folgen"},"content":{"rendered":"<h2 align=\"center\"><span id=\"Meinungsfreiheit_in_Gefahr\">Meinungs&shy;frei&shy;heit in Gefahr<\/span><\/h2>\n<h3 align=\"center\"><span id=\"Der_Muenchner_Stadtratsbeschluss\">Der M&uuml;nchner Stadt&shy;rats&shy;be&shy;schluss <\/span><\/h3>\n<h3 align=\"center\"><span id=\"vom_13122017_und_seine_Folgen\">vom 13.12.2017 und seine Folgen<\/span><\/h3>\n<h3 align=\"center\"><span id=\"26_Juni_2019_19_Uhr_Freiheizhalle\">26. Juni 2019, 19 Uhr, Freiheiz&shy;halle<\/span><\/h3>\n<p>Rainer-Werner-Fassbinder-Platz 1, 80636 M\u00fcnchen (S-Bahn Donnersberger Br\u00fccke)<\/p>\n<h3 align=\"center\"><span id=\"Bitte_kommen_Sie_trotz_der_Hitzewelle_Die_Freiheizhalle_ist_klimatisiert_Getraenke_koennen_erworben_werden\">Bitte kommen Sie trotz der Hitzewelle. <br \/>Die Freiheiz&shy;halle ist klima&shy;ti&shy;siert. <br \/>Getr&auml;nke k&ouml;nnen erworben werden! <\/span><\/h3>\n<h3 align=\"center\"><span id=\"Podiumsdiskussion_mit\">Podiums&shy;dis&shy;kus&shy;sion mit: <\/span><\/h3>\n<p><b>Andreas Zumach,<\/b> Korrespondent u.a. der Tageszeitung &#8222;taz&#8220; bei den UN in Genf<\/p>\n<p><b>Nirit Sommerfeld<\/b>, B\u00fcndnis f\u00fcr Gerechtigkeit zwischen Israelis und Pal\u00e4stinensern<\/p>\n<p><b>Peter Vonnahme<\/b>, Richter am Bayerischen Verwaltungsgerichtshof i.R.<\/p>\n<p><b>Ein Mitglied des Stadtrats<\/b>, das f\u00fcr den Beschluss stimmte (angefragt)<\/p>\n<p>Moderation: <b>Lothar Zechlin,<\/b> Prof. f\u00fcr \u00f6ffentliches Recht, Universit\u00e4t Duisburg-Essen<\/p>\n<h4 align=\"center\"><span id=\"Eine_Diskussion_fuer_die_staedtische_Raeume_verweigert_werden\">Eine Diskussion, f&uuml;r die st&auml;dtische R&auml;ume verweigert werden!<\/span><\/h4>\n<p>Veranstaltungen \u00fcber die v\u00f6lkerrechtswidrige israelische Besatzungs- und Siedlungspolitik sind in M\u00fcnchen kaum mehr m\u00f6glich. Grund daf\u00fcr ist der Stadtratsbeschluss vom 13.12. 2017, der die Vermietung aller st\u00e4dtischen oder st\u00e4dtisch gef\u00f6rderten R\u00e4ume f\u00fcr Veranstaltungen untersagt, wenn dort die Rede auf die Boykottbewegung BDS (Boykott, Desinvestment, Sanktionen) kommen k\u00f6nnte.<\/p>\n<p>BDS ist eine internationale Bewegung, mit dem Ziel die Besatzung Pal\u00e4stinas zu beenden. Obwohl die Bewegung den Staat Israel nicht in Frage stellt und nur gewaltlosen Druck auf die israelische Regierung aus\u00fcben will, wird BDS in vielen Medien und in der \u00d6ffentlichkeit h\u00e4ufig als antisemitisch bezeichnet.<\/p>\n<p>Schon vor der Verabschiedung des o.g. Stadtratsbeschlusses wurden der Humanistischen Union R\u00e4ume im Gasteig f\u00fcr die Verleihung ihres Preises &#8222;Aufrechter Gang&#8220; an Judith und Reiner Bernstein verweigert. Als eine anonyme Gruppe &#8222;M\u00fcnchner B\u00fcrger gegen Antisemitismus und Israelhass&#8220; die Preisverleihung in einem privaten Filmtheater, das als Ersatz angemietet worden war, zu verhindern versuchte, konnte das nur mit anwaltlicher Hilfe abgewendet werden.<\/p>\n<p>K\u00fcrzlich untersagte Kulturreferent Hans-Georg K\u00fcppers (SPD) dem EineWeltHaus die Vorf\u00fchrung des Films &#8222;Broken&#8220; \u00fcber die Entscheidung des Internationalen Gerichtshofs gegen die israelische Mauer. In diesem Fall konnten die Veranstalter, nur weil bereits ein g\u00fcltiger Vertrag vorlag, die Vorf\u00fchrung gerichtlich erzwingen.<\/p>\n<p>Referenten wie Prof. Moshe Zuckermann (Tel Aviv), der &#8222;Haaretz&#8220;-Journalist Gideon Levy oder auch Judith Bernstein, j\u00fcdische Sprecherin der J\u00fcdisch-Pal\u00e4stinensischen Dialoggruppe, k\u00f6nnen jetzt nicht mehr in st\u00e4dtischen R\u00e4umen sprechen.<\/p>\n<p>Selbst \u00fcber den umstrittenen Stadtratsbeschluss darf in st\u00e4dtischen R\u00e4umen nicht mehr diskutiert werden. Das Stadtmuseum lehnte es vor einigen Monaten ab, seinen Saal f\u00fcr eine solche Diskussion zu vermieten. Das st\u00e4dtische Raumverbot hat zus\u00e4tzlich zur Folge, dass auch die Anmietung privater R\u00e4ume immer h\u00e4ufiger verweigert wird.<\/p>\n<p>Die Klage des M\u00fcnchner B\u00fcrgers Klaus R. gegen dieses Raumverbot wurde vom VG M\u00fcnchen zur\u00fcckgewiesen. Gegen dieses Urteil geht R. derzeit mit anwaltlicher Hilfe mit einem Antrag auf Zulassung der Berufung beim Bayerischen Verwaltungsgerichtshof vor. Nach Meinung des Anwalts besteht ein Anspruch auf Vermietung eines Saals selbst dann, wenn in der Versammlung \u00fcber BDS gesprochen w\u00fcrde, denn politische Bewertungen, die von der Stadt nicht geteilt werden, gen\u00fcgten f\u00fcr die Ablehnung einer Veranstaltung nicht.<\/p>\n<p><b>Wir wollen uns das Recht, \u00fcber Meinungsfreiheit und ihre Grenzen zu diskutieren, vom M\u00fcnchner Stadtrat aber nicht nehmen lassen. F\u00fcr die Veranstalter steht der Stadtratsbeschluss in klarem Widerspruch zu den Grundrechten auf Meinungs- und Versammlungsfreiheit!<\/b><\/p>\n<h3 align=\"left\"><span id=\"Veranstalter\">Veranstalter:<span>&nbsp; <\/span><\/span><\/h3>\n<h3 align=\"left\"><span id=\"Humanistische_Union_Bayern_Freidenkerverband_Muenchen_Muenchner_Buendnis_fuer_das_Recht_auf_freie_Meinungsaeusserung\">Humanis&shy;ti&shy;sche Union Bayern \/ Freiden&shy;ker&shy;ver&shy;band M&uuml;nchen \/ M&uuml;nchner B&uuml;ndnis f&uuml;r das Recht auf freie Meinungs&shy;&auml;u&shy;&szlig;e&shy;rung <\/span><\/h3>\n<h3 align=\"left\"><span id=\"Unterstuetzt_von_Attac_Muenchen_Sozialforum_Muenchen_Buendnis_fuer_Gerechtigkeit_zwischen_Israelis_und_Palaestinensern_Muenchner_Friedensbuendnis\">Unterst&uuml;tzt von: <br \/>Attac M&uuml;nchen, Sozialforum M&uuml;nchen, B&uuml;ndnis f&uuml;r Gerech&shy;tig&shy;keit zwischen Israelis und Pal&auml;s&shy;ti&shy;nen&shy;sern, M&uuml;nchner Friedens&shy;b&uuml;ndnis <\/span><\/h3>\n<p><b>Eintritt frei, um Spenden wird gebeten. <\/b><\/p>\n<p>Spenden mit dem Stichwort &#8222;Meinungsfreiheit&#8220; sind steuerlich absetzbar:\u00a0 Konto: Humanistische Union OV M\u00fcnchen IBAN: DE31 7001 0080 0178 8558 00\u00a0 BIC: PBNKDEFF<\/p>\n","protected":false},"featured_media":0,"template":"","categories":[259,266,275,264],"tags":[41,31,155,14,25,47,27,23],"class_list":["post-1117","thema","type-thema","status-publish","hentry","category-frieden","category-innere-sicherheit","category-rechtsextremismus","category-rechtspolitik","tag-frieden","tag-innere-sicherheit","tag-moral-gesinnung","tag-muenchen-termine","tag-rassismus","tag-rechtsextremismus","tag-rechtspolitik","tag-versammlungsfreiheit"],"acf":[],"yoast_head":"<!-- This site is optimized with the Yoast SEO plugin v28.4 - https:\/\/yoast.com\/product\/yoast-seo-wordpress\/ -->\n<title>Meinungsfreiheit in Gefahr - Der M\u00fcnchner Stadtratsbeschluss vom 13.12.2017 und seine Folgen - HU Bayern<\/title>\n<meta name=\"robots\" content=\"index, follow, max-snippet:-1, max-image-preview:large, max-video-preview:-1\" \/>\n<link rel=\"canonical\" href=\"https:\/\/suedbayern.humanistische-union.de\/thema\/meinungsfreiheit-in-gefahr\/\" \/>\n<meta property=\"og:locale\" content=\"de_DE\" \/>\n<meta property=\"og:type\" content=\"article\" \/>\n<meta property=\"og:title\" content=\"Meinungsfreiheit in Gefahr - Der M\u00fcnchner Stadtratsbeschluss vom 13.12.2017 und seine Folgen - HU Bayern\" \/>\n<meta property=\"og:description\" content=\"Meinungs&shy;frei&shy;heit in Gefahr Der M&uuml;nchner Stadt&shy;rats&shy;be&shy;schluss vom 13.12.2017 und seine Folgen 26. Juni 2019, 19 Uhr, Freiheiz&shy;halle Rainer-Werner-Fassbinder-Platz 1, 80636 M\u00fcnchen (S-Bahn Donnersberger Br\u00fccke) Bitte kommen Sie trotz der Hitzewelle. Die Freiheiz&shy;halle ist klima&shy;ti&shy;siert. Getr&auml;nke k&ouml;nnen erworben werden! Podiums&shy;dis&shy;kus&shy;sion mit: Andreas Zumach, Korrespondent u.a. der Tageszeitung &#8222;taz&#8220; bei den UN in Genf Nirit Sommerfeld, B\u00fcndnis [weiterlesen]\" \/>\n<meta property=\"og:url\" content=\"https:\/\/suedbayern.humanistische-union.de\/thema\/meinungsfreiheit-in-gefahr\/\" \/>\n<meta property=\"og:site_name\" content=\"HU Bayern\" \/>\n<meta name=\"twitter:card\" content=\"summary_large_image\" \/>\n<meta name=\"twitter:label1\" content=\"Gesch\u00e4tzte Lesezeit\" \/>\n\t<meta name=\"twitter:data1\" content=\"3\u00a0Minuten\" \/>\n<script type=\"application\/ld+json\" class=\"yoast-schema-graph\">{\"@context\":\"https:\\\/\\\/schema.org\",\"@graph\":[{\"@type\":\"WebPage\",\"@id\":\"https:\\\/\\\/suedbayern.humanistische-union.de\\\/thema\\\/meinungsfreiheit-in-gefahr\\\/\",\"url\":\"https:\\\/\\\/suedbayern.humanistische-union.de\\\/thema\\\/meinungsfreiheit-in-gefahr\\\/\",\"name\":\"Meinungsfreiheit in Gefahr - Der M\u00fcnchner Stadtratsbeschluss vom 13.12.2017 und seine Folgen - HU Bayern\",\"isPartOf\":{\"@id\":\"https:\\\/\\\/suedbayern.humanistische-union.de\\\/#website\"},\"datePublished\":\"2019-06-26T10:00:00+00:00\",\"breadcrumb\":{\"@id\":\"https:\\\/\\\/suedbayern.humanistische-union.de\\\/thema\\\/meinungsfreiheit-in-gefahr\\\/#breadcrumb\"},\"inLanguage\":\"de\",\"potentialAction\":[{\"@type\":\"ReadAction\",\"target\":[\"https:\\\/\\\/suedbayern.humanistische-union.de\\\/thema\\\/meinungsfreiheit-in-gefahr\\\/\"]}]},{\"@type\":\"BreadcrumbList\",\"@id\":\"https:\\\/\\\/suedbayern.humanistische-union.de\\\/thema\\\/meinungsfreiheit-in-gefahr\\\/#breadcrumb\",\"itemListElement\":[{\"@type\":\"ListItem\",\"position\":1,\"name\":\"Startseite\",\"item\":\"https:\\\/\\\/suedbayern.humanistische-union.de\\\/\"},{\"@type\":\"ListItem\",\"position\":2,\"name\":\"Themen\",\"item\":\"https:\\\/\\\/suedbayern.humanistische-union.de\\\/thema\\\/\"},{\"@type\":\"ListItem\",\"position\":3,\"name\":\"Meinungsfreiheit in Gefahr &#8211; Der M\u00fcnchner Stadtratsbeschluss vom 13.12.2017 und seine Folgen\"}]},{\"@type\":\"WebSite\",\"@id\":\"https:\\\/\\\/suedbayern.humanistische-union.de\\\/#website\",\"url\":\"https:\\\/\\\/suedbayern.humanistische-union.de\\\/\",\"name\":\"HU Bayern\",\"description\":\"Eine weitere HU Network Website\",\"potentialAction\":[{\"@type\":\"SearchAction\",\"target\":{\"@type\":\"EntryPoint\",\"urlTemplate\":\"https:\\\/\\\/suedbayern.humanistische-union.de\\\/?s={search_term_string}\"},\"query-input\":{\"@type\":\"PropertyValueSpecification\",\"valueRequired\":true,\"valueName\":\"search_term_string\"}}],\"inLanguage\":\"de\"}]}<\/script>\n<!-- \/ Yoast SEO plugin. -->","yoast_head_json":{"title":"Meinungsfreiheit in Gefahr - Der M\u00fcnchner Stadtratsbeschluss vom 13.12.2017 und seine Folgen - HU Bayern","robots":{"index":"index","follow":"follow","max-snippet":"max-snippet:-1","max-image-preview":"max-image-preview:large","max-video-preview":"max-video-preview:-1"},"canonical":"https:\/\/suedbayern.humanistische-union.de\/thema\/meinungsfreiheit-in-gefahr\/","og_locale":"de_DE","og_type":"article","og_title":"Meinungsfreiheit in Gefahr - Der M\u00fcnchner Stadtratsbeschluss vom 13.12.2017 und seine Folgen - HU Bayern","og_description":"Meinungs&shy;frei&shy;heit in Gefahr Der M&uuml;nchner Stadt&shy;rats&shy;be&shy;schluss vom 13.12.2017 und seine Folgen 26. Juni 2019, 19 Uhr, Freiheiz&shy;halle Rainer-Werner-Fassbinder-Platz 1, 80636 M\u00fcnchen (S-Bahn Donnersberger Br\u00fccke) Bitte kommen Sie trotz der Hitzewelle. Die Freiheiz&shy;halle ist klima&shy;ti&shy;siert. Getr&auml;nke k&ouml;nnen erworben werden! Podiums&shy;dis&shy;kus&shy;sion mit: Andreas Zumach, Korrespondent u.a. der Tageszeitung &#8222;taz&#8220; bei den UN in Genf Nirit Sommerfeld, B\u00fcndnis [weiterlesen]","og_url":"https:\/\/suedbayern.humanistische-union.de\/thema\/meinungsfreiheit-in-gefahr\/","og_site_name":"HU Bayern","twitter_card":"summary_large_image","twitter_misc":{"Gesch\u00e4tzte Lesezeit":"3\u00a0Minuten"},"schema":{"@context":"https:\/\/schema.org","@graph":[{"@type":"WebPage","@id":"https:\/\/suedbayern.humanistische-union.de\/thema\/meinungsfreiheit-in-gefahr\/","url":"https:\/\/suedbayern.humanistische-union.de\/thema\/meinungsfreiheit-in-gefahr\/","name":"Meinungsfreiheit in Gefahr - Der M\u00fcnchner Stadtratsbeschluss vom 13.12.2017 und seine Folgen - HU Bayern","isPartOf":{"@id":"https:\/\/suedbayern.humanistische-union.de\/#website"},"datePublished":"2019-06-26T10:00:00+00:00","breadcrumb":{"@id":"https:\/\/suedbayern.humanistische-union.de\/thema\/meinungsfreiheit-in-gefahr\/#breadcrumb"},"inLanguage":"de","potentialAction":[{"@type":"ReadAction","target":["https:\/\/suedbayern.humanistische-union.de\/thema\/meinungsfreiheit-in-gefahr\/"]}]},{"@type":"BreadcrumbList","@id":"https:\/\/suedbayern.humanistische-union.de\/thema\/meinungsfreiheit-in-gefahr\/#breadcrumb","itemListElement":[{"@type":"ListItem","position":1,"name":"Startseite","item":"https:\/\/suedbayern.humanistische-union.de\/"},{"@type":"ListItem","position":2,"name":"Themen","item":"https:\/\/suedbayern.humanistische-union.de\/thema\/"},{"@type":"ListItem","position":3,"name":"Meinungsfreiheit in Gefahr &#8211; Der M\u00fcnchner Stadtratsbeschluss vom 13.12.2017 und seine Folgen"}]},{"@type":"WebSite","@id":"https:\/\/suedbayern.humanistische-union.de\/#website","url":"https:\/\/suedbayern.humanistische-union.de\/","name":"HU Bayern","description":"Eine weitere HU Network Website","potentialAction":[{"@type":"SearchAction","target":{"@type":"EntryPoint","urlTemplate":"https:\/\/suedbayern.humanistische-union.de\/?s={search_term_string}"},"query-input":{"@type":"PropertyValueSpecification","valueRequired":true,"valueName":"search_term_string"}}],"inLanguage":"de"}]}},"_links":{"self":[{"href":"https:\/\/suedbayern.humanistische-union.de\/hu-json\/wp\/v2\/thema\/1117","targetHints":{"allow":["GET"]}}],"collection":[{"href":"https:\/\/suedbayern.humanistische-union.de\/hu-json\/wp\/v2\/thema"}],"about":[{"href":"https:\/\/suedbayern.humanistische-union.de\/hu-json\/wp\/v2\/types\/thema"}],"wp:attachment":[{"href":"https:\/\/suedbayern.humanistische-union.de\/hu-json\/wp\/v2\/media?parent=1117"}],"wp:term":[{"taxonomy":"category","embeddable":true,"href":"https:\/\/suedbayern.humanistische-union.de\/hu-json\/wp\/v2\/categories?post=1117"},{"taxonomy":"post_tag","embeddable":true,"href":"https:\/\/suedbayern.humanistische-union.de\/hu-json\/wp\/v2\/tags?post=1117"}],"curies":[{"name":"wp","href":"https:\/\/api.w.org\/{rel}","templated":true}]}}